{"id":10936,"date":"2023-03-09T16:54:22","date_gmt":"2023-03-09T15:54:22","guid":{"rendered":"https:\/\/flexim.eu\/hvad-er-flexi\/"},"modified":"2023-06-27T15:16:20","modified_gmt":"2023-06-27T13:16:20","slug":"hvad-er-flexim","status":"publish","type":"page","link":"https:\/\/flexim.eu\/da\/hvad-er-flexim\/","title":{"rendered":"Hvad er Flexim"},"content":{"rendered":"\t\t<div data-elementor-type=\"wp-page\" data-elementor-id=\"10936\" class=\"elementor elementor-10936 elementor-73\" data-elementor-post-type=\"page\">\n\t\t\t\t<div class=\"elementor-element elementor-element-aadb699 e-con-full e-flex e-con e-parent\" data-id=\"aadb699\" data-element_type=\"container\" data-e-type=\"container\" data-settings=\"{&quot;background_background&quot;:&quot;gradient&quot;}\">\n\t\t<div class=\"elementor-element elementor-element-a833782 e-con-full e-flex e-con e-parent\" data-id=\"a833782\" data-element_type=\"container\" data-e-type=\"container\" data-settings=\"{&quot;background_background&quot;:&quot;classic&quot;}\">\n\t\t\t\t<div class=\"elementor-element elementor-element-8a09e0b elementor-invisible elementor-widget elementor-widget-heading\" data-id=\"8a09e0b\" data-element_type=\"widget\" data-e-type=\"widget\" data-settings=\"{&quot;_animation&quot;:&quot;BlubfadeInRight&quot;}\" data-widget_type=\"heading.default\">\n\t\t\t\t<div class=\"elementor-widget-container\">\n\t\t\t\t\t<span class=\"elementor-heading-title elementor-size-default\">Flexim international BV<\/span>\t\t\t\t<\/div>\n\t\t\t\t<\/div>\n\t\t\t\t<div class=\"elementor-element elementor-element-38be330 elementor-invisible elementor-widget elementor-widget-heading\" data-id=\"38be330\" data-element_type=\"widget\" data-e-type=\"widget\" data-settings=\"{&quot;_animation&quot;:&quot;BlubfadeInRight&quot;}\" data-widget_type=\"heading.default\">\n\t\t\t\t<div class=\"elementor-widget-container\">\n\t\t\t\t\t<h1 class=\"elementor-heading-title elementor-size-default\">Hvad er Flexim<\/h1>\t\t\t\t<\/div>\n\t\t\t\t<\/div>\n\t\t\t\t<div class=\"elementor-element elementor-element-4aa2d67 elementor-invisible elementor-widget elementor-widget-text-editor\" data-id=\"4aa2d67\" data-element_type=\"widget\" data-e-type=\"widget\" data-settings=\"{&quot;_animation&quot;:&quot;BlubfadeInRight&quot;}\" data-widget_type=\"text-editor.default\">\n\t\t\t\t<div class=\"elementor-widget-container\">\n\t\t\t\t\t\t\t\t\t<p>Flexim er en rygningskit klar til brug. Siden 1985 har produktet v\u00e6ret brugt p\u00e5 reparations-, renoverings- og nybyggermarkedet til fastg\u00f8relse af rygningsrygge og tagsten.<\/p>\n\t\t\t\t\t\t\t\t<\/div>\n\t\t\t\t<\/div>\n\t\t\t\t<div class=\"elementor-element elementor-element-3def2de elementor-invisible elementor-widget elementor-widget-button\" data-id=\"3def2de\" data-element_type=\"widget\" data-e-type=\"widget\" data-settings=\"{&quot;_animation&quot;:&quot;fadeIn&quot;,&quot;_animation_delay&quot;:400}\" data-widget_type=\"button.default\">\n\t\t\t\t<div class=\"elementor-widget-container\">\n\t\t\t\t\t\t\t\t\t<div class=\"elementor-button-wrapper\">\n\t\t\t\t\t<a class=\"elementor-button elementor-button-link elementor-size-sm\" href=\"https:\/\/flexim.eu\/winkel\/\">\n\t\t\t\t\t\t<span class=\"elementor-button-content-wrapper\">\n\t\t\t\t\t\t\t\t\t<span class=\"elementor-button-text\">Se produkt<\/span>\n\t\t\t\t\t<\/span>\n\t\t\t\t\t<\/a>\n\t\t\t\t<\/div>\n\t\t\t\t\t\t\t\t<\/div>\n\t\t\t\t<\/div>\n\t\t\t\t<\/div>\n\t\t<div class=\"elementor-element elementor-element-743384e e-con-full e-flex e-con e-parent\" data-id=\"743384e\" data-element_type=\"container\" data-e-type=\"container\" data-settings=\"{&quot;background_background&quot;:&quot;classic&quot;}\">\n\t\t\t\t<div class=\"elementor-element elementor-element-86504ab elementor-widget elementor-widget-spacer\" data-id=\"86504ab\" data-element_type=\"widget\" data-e-type=\"widget\" data-widget_type=\"spacer.default\">\n\t\t\t\t<div class=\"elementor-widget-container\">\n\t\t\t\t\t\t\t<div class=\"elementor-spacer\">\n\t\t\t<div class=\"elementor-spacer-inner\"><\/div>\n\t\t<\/div>\n\t\t\t\t\t\t<\/div>\n\t\t\t\t<\/div>\n\t\t\t\t<\/div>\n\t\t\t\t<\/div>\n\t\t<div class=\"elementor-element elementor-element-abd4d30 e-flex e-con-boxed e-con e-parent\" data-id=\"abd4d30\" data-element_type=\"container\" data-e-type=\"container\" data-settings=\"{&quot;background_background&quot;:&quot;classic&quot;}\">\n\t\t\t\t\t<div class=\"e-con-inner\">\n\t\t<div class=\"elementor-element elementor-element-cafbf89 e-con-full e-flex e-con e-parent\" data-id=\"cafbf89\" data-element_type=\"container\" data-e-type=\"container\">\n\t\t\t\t<div class=\"elementor-element elementor-element-3564028 elementor-invisible elementor-widget elementor-widget-image\" data-id=\"3564028\" data-element_type=\"widget\" data-e-type=\"widget\" data-settings=\"{&quot;_animation&quot;:&quot;BlubfadeInUp&quot;}\" data-widget_type=\"image.default\">\n\t\t\t\t<div class=\"elementor-widget-container\">\n\t\t\t\t\t\t\t\t\t\t\t\t\t\t\t<img fetchpriority=\"high\" decoding=\"async\" width=\"800\" height=\"600\" src=\"https:\/\/flexim.eu\/wp-content\/uploads\/2023\/03\/Flexim-Verpakkingen-Combinatie-1-min.png\" class=\"attachment-large size-large wp-image-9955\" alt=\"dealers\" srcset=\"https:\/\/flexim.eu\/wp-content\/uploads\/2023\/03\/Flexim-Verpakkingen-Combinatie-1-min.png.webp 800w, https:\/\/flexim.eu\/wp-content\/uploads\/2023\/03\/Flexim-Verpakkingen-Combinatie-1-min-600x450.png.webp 600w, https:\/\/flexim.eu\/wp-content\/uploads\/2023\/03\/Flexim-Verpakkingen-Combinatie-1-min-300x225.png.webp 300w, https:\/\/flexim.eu\/wp-content\/uploads\/2023\/03\/Flexim-Verpakkingen-Combinatie-1-min-768x576.png.webp 768w\" sizes=\"(max-width: 800px) 100vw, 800px\" \/>\t\t\t\t\t\t\t\t\t\t\t\t\t\t\t<\/div>\n\t\t\t\t<\/div>\n\t\t\t\t<\/div>\n\t\t<div class=\"elementor-element elementor-element-2cb8466 e-con-full e-flex e-con e-parent\" data-id=\"2cb8466\" data-element_type=\"container\" data-e-type=\"container\">\n\t\t\t\t<div class=\"elementor-element elementor-element-468007c elementor-widget elementor-widget-heading\" data-id=\"468007c\" data-element_type=\"widget\" data-e-type=\"widget\" data-widget_type=\"heading.default\">\n\t\t\t\t<div class=\"elementor-widget-container\">\n\t\t\t\t\t<h2 class=\"elementor-heading-title elementor-size-default\">Produktet<\/h2>\t\t\t\t<\/div>\n\t\t\t\t<\/div>\n\t\t\t\t<div class=\"elementor-element elementor-element-e3f0c69 elementor-widget elementor-widget-text-editor\" data-id=\"e3f0c69\" data-element_type=\"widget\" data-e-type=\"widget\" data-widget_type=\"text-editor.default\">\n\t\t\t\t<div class=\"elementor-widget-container\">\n\t\t\t\t\t\t\t\t\t<p>Flexim er baseret p\u00e5 naturlige ingredienser. Hovedingrediensen best\u00e5r af vegetabilsk linolie. Produktet er ansvarlig for hver opgave. Fordi produktet Flexim er pakket i lette og brugsklare strimler, udf\u00f8res hver opgave nemt. Flexim kommer i 5 eller 10 strimler.<\/p>\n\t\t\t\t\t\t\t\t<\/div>\n\t\t\t\t<\/div>\n\t\t\t\t<\/div>\n\t\t\t\t\t<\/div>\n\t\t\t\t<\/div>\n\t\t<div class=\"elementor-element elementor-element-e3853e7 e-flex e-con-boxed e-con e-parent\" data-id=\"e3853e7\" data-element_type=\"container\" data-e-type=\"container\" data-settings=\"{&quot;background_background&quot;:&quot;classic&quot;}\">\n\t\t\t\t\t<div class=\"e-con-inner\">\n\t\t<div class=\"elementor-element elementor-element-e3a59e2 e-con-full e-flex e-con e-parent\" data-id=\"e3a59e2\" data-element_type=\"container\" data-e-type=\"container\" data-settings=\"{&quot;background_background&quot;:&quot;classic&quot;}\">\n\t\t\t\t<div class=\"elementor-element elementor-element-6c3be3b elementor-widget elementor-widget-heading\" data-id=\"6c3be3b\" data-element_type=\"widget\" data-e-type=\"widget\" data-widget_type=\"heading.default\">\n\t\t\t\t<div class=\"elementor-widget-container\">\n\t\t\t\t\t<h2 class=\"elementor-heading-title elementor-size-default\">Brugen<\/h2>\t\t\t\t<\/div>\n\t\t\t\t<\/div>\n\t\t\t\t<div class=\"elementor-element elementor-element-60f241d elementor-widget elementor-widget-text-editor\" data-id=\"60f241d\" data-element_type=\"widget\" data-e-type=\"widget\" data-widget_type=\"text-editor.default\">\n\t\t\t\t<div class=\"elementor-widget-container\">\n\t\t\t\t\t\t\t\t\t<p>Flexim er multifunktionelt, produktet bruges til tagreparation, tagrenovering og nybyggeri. Den mest udbredte applikation er fastg\u00f8relse af rygningssten p\u00e5 tagryg og grat. Vil du bruge Flexim til andre projekter? Det kan anvendes til:<\/p>\n\t\t\t\t\t\t\t\t<\/div>\n\t\t\t\t<\/div>\n\t\t\t\t<\/div>\n\t\t<div class=\"elementor-element elementor-element-3965bd7 e-con-full e-flex e-con e-parent\" data-id=\"3965bd7\" data-element_type=\"container\" data-e-type=\"container\" data-settings=\"{&quot;background_background&quot;:&quot;classic&quot;}\">\n\t\t\t\t<div class=\"elementor-element elementor-element-64842ea elementor-icon-list--layout-traditional elementor-list-item-link-full_width elementor-widget elementor-widget-icon-list\" data-id=\"64842ea\" data-element_type=\"widget\" data-e-type=\"widget\" data-widget_type=\"icon-list.default\">\n\t\t\t\t<div class=\"elementor-widget-container\">\n\t\t\t\t\t\t\t<ul class=\"elementor-icon-list-items\">\n\t\t\t\t\t\t\t<li class=\"elementor-icon-list-item\">\n\t\t\t\t\t\t\t\t\t\t\t<span class=\"elementor-icon-list-icon\">\n\t\t\t\t\t\t\t<i aria-hidden=\"true\" class=\"icon icon-bold-chevron-right\"><\/i>\t\t\t\t\t\t<\/span>\n\t\t\t\t\t\t\t\t\t\t<span class=\"elementor-icon-list-text\">Sikring og underst\u00f8ttelse af tagsten langs <b>skotrender<\/b> (luft- og vandt\u00e6t l\u00f8sning)<\/span>\n\t\t\t\t\t\t\t\t\t<\/li>\n\t\t\t\t\t\t\t\t<li class=\"elementor-icon-list-item\">\n\t\t\t\t\t\t\t\t\t\t\t<span class=\"elementor-icon-list-icon\">\n\t\t\t\t\t\t\t<i aria-hidden=\"true\" class=\"icon icon-bold-chevron-right\"><\/i>\t\t\t\t\t\t<\/span>\n\t\t\t\t\t\t\t\t\t\t<span class=\"elementor-icon-list-text\">Sikring og underst\u00f8ttelse af tagsten omkring <b>ovenlysvinduer<\/b> (luft- og vandt\u00e6t l\u00f8sning)<\/span>\n\t\t\t\t\t\t\t\t\t<\/li>\n\t\t\t\t\t\t\t\t<li class=\"elementor-icon-list-item\">\n\t\t\t\t\t\t\t\t\t\t\t<span class=\"elementor-icon-list-icon\">\n\t\t\t\t\t\t\t<i aria-hidden=\"true\" class=\"icon icon-bold-chevron-right\"><\/i>\t\t\t\t\t\t<\/span>\n\t\t\t\t\t\t\t\t\t\t<span class=\"elementor-icon-list-text\">Forbindelse mellem rygningssten og <b>skorsten<\/b> (udfyldning af huller og sammenf\u00f8jninger)<\/span>\n\t\t\t\t\t\t\t\t\t<\/li>\n\t\t\t\t\t\t\t\t<li class=\"elementor-icon-list-item\">\n\t\t\t\t\t\t\t\t\t\t\t<span class=\"elementor-icon-list-icon\">\n\t\t\t\t\t\t\t<i aria-hidden=\"true\" class=\"icon icon-bold-chevron-right\"><\/i>\t\t\t\t\t\t<\/span>\n\t\t\t\t\t\t\t\t\t\t<span class=\"elementor-icon-list-text\">T\u00e6tning af spr\u00e6kker i <b>blyindd\u00e6kning<\/b> (forhindrer at indd\u00e6kningen synker sammen)<\/span>\n\t\t\t\t\t\t\t\t\t<\/li>\n\t\t\t\t\t\t\t\t<li class=\"elementor-icon-list-item\">\n\t\t\t\t\t\t\t\t\t\t\t<span class=\"elementor-icon-list-icon\">\n\t\t\t\t\t\t\t<i aria-hidden=\"true\" class=\"icon icon-bold-chevron-right\"><\/i>\t\t\t\t\t\t<\/span>\n\t\t\t\t\t\t\t\t\t\t<span class=\"elementor-icon-list-text\">Udfyldning af spr\u00e6kker\/sammenf\u00f8jninger mellem sektioner af <b>b\u00f8lget tagd\u00e6kning<\/b> (forhindrer tr\u00e6k)<\/span>\n\t\t\t\t\t\t\t\t\t<\/li>\n\t\t\t\t\t\t<\/ul>\n\t\t\t\t\t\t<\/div>\n\t\t\t\t<\/div>\n\t\t\t\t<\/div>\n\t\t\t\t\t<\/div>\n\t\t\t\t<\/div>\n\t\t<div class=\"elementor-element elementor-element-f6e0cde e-flex e-con-boxed e-con e-parent\" data-id=\"f6e0cde\" data-element_type=\"container\" data-e-type=\"container\" data-settings=\"{&quot;background_background&quot;:&quot;classic&quot;}\">\n\t\t\t\t\t<div class=\"e-con-inner\">\n\t\t<div class=\"elementor-element elementor-element-3d9adde e-con-full e-flex e-con e-parent\" data-id=\"3d9adde\" data-element_type=\"container\" data-e-type=\"container\">\n\t\t\t\t<div class=\"elementor-element elementor-element-8d253b5 elementor-widget__width-inherit elementor-widget elementor-widget-heading\" data-id=\"8d253b5\" data-element_type=\"widget\" data-e-type=\"widget\" data-widget_type=\"heading.default\">\n\t\t\t\t<div class=\"elementor-widget-container\">\n\t\t\t\t\t<h2 class=\"elementor-heading-title elementor-size-default\">L\u00f8sning p\u00e5 din tagl\u00e6kage<\/h2>\t\t\t\t<\/div>\n\t\t\t\t<\/div>\n\t\t\t\t<div class=\"elementor-element elementor-element-f098128 elementor-widget elementor-widget-text-editor\" data-id=\"f098128\" data-element_type=\"widget\" data-e-type=\"widget\" data-widget_type=\"text-editor.default\">\n\t\t\t\t<div class=\"elementor-widget-container\">\n\t\t\t\t\t\t\t\t\t<p>Leder du efter en tagl\u00e6kagel\u00f8sning? Flexim rygningskit kan v\u00e6re den l\u00f8sning, du leder efter! Med sin unikke formel tilbyder Flexim tagm\u00f8rtel en holdbar og p\u00e5lidelig l\u00f8sning til t\u00e6tning af revner og s\u00f8mme p\u00e5 dit tag, hvilket forhindrer l\u00e6kager.<\/p>\n<p>Flexim tagm\u00f8rtel er et innovativt produkt specielt designet til at reparere tagl\u00e6kager hurtigt og nemt. Den er lavet af materialer af h\u00f8j kvalitet og kan modst\u00e5 alle vejrforhold. Derudover er Flexim tagm\u00f8rtel meget fleksibel, s\u00e5 den nemt tilpasser sig formen p\u00e5 dit tag og kan optage eventuelle bev\u00e6gelser.<\/p>\n<p>En anden fordel ved Flexim tagm\u00f8rtel er, at den er meget nem at p\u00e5f\u00f8re. Du kan blot p\u00e5f\u00f8re det i h\u00e5nden, uden brug af specialv\u00e6rkt\u00f8j. Dette g\u00f8r det til en ideel l\u00f8sning for g\u00f8r-det-selv-folk, der selv \u00f8nsker at reparere deres tag.<\/p>\n<p>Du kan fylde det revnede cementlag med Flexim Re-Fix pasta samt med standard Flexim strips.<\/p>\n\t\t\t\t\t\t\t\t<\/div>\n\t\t\t\t<\/div>\n\t\t\t\t<\/div>\n\t\t<div class=\"elementor-element elementor-element-9ae049b e-con-full e-flex e-con e-parent\" data-id=\"9ae049b\" data-element_type=\"container\" data-e-type=\"container\">\n\t\t\t\t<div class=\"elementor-element elementor-element-f8820c6 elementor-widget elementor-widget-spacer\" data-id=\"f8820c6\" data-element_type=\"widget\" data-e-type=\"widget\" data-widget_type=\"spacer.default\">\n\t\t\t\t<div class=\"elementor-widget-container\">\n\t\t\t\t\t\t\t<div class=\"elementor-spacer\">\n\t\t\t<div class=\"elementor-spacer-inner\"><\/div>\n\t\t<\/div>\n\t\t\t\t\t\t<\/div>\n\t\t\t\t<\/div>\n\t\t\t\t<\/div>\n\t\t\t\t\t<\/div>\n\t\t\t\t<\/div>\n\t\t<div class=\"elementor-element elementor-element-56331c2 e-flex e-con-boxed e-con e-parent\" data-id=\"56331c2\" data-element_type=\"container\" data-e-type=\"container\" data-settings=\"{&quot;background_background&quot;:&quot;classic&quot;}\">\n\t\t\t\t\t<div class=\"e-con-inner\">\n\t\t<div class=\"elementor-element elementor-element-6c53729 e-con-full e-flex e-con e-parent\" data-id=\"6c53729\" data-element_type=\"container\" data-e-type=\"container\" data-settings=\"{&quot;background_background&quot;:&quot;classic&quot;}\">\n\t\t\t\t<div class=\"elementor-element elementor-element-89097d6 elementor-widget elementor-widget-image\" data-id=\"89097d6\" data-element_type=\"widget\" data-e-type=\"widget\" data-widget_type=\"image.default\">\n\t\t\t\t<div class=\"elementor-widget-container\">\n\t\t\t\t\t\t\t\t\t\t\t\t\t\t\t<img decoding=\"async\" width=\"600\" height=\"583\" src=\"https:\/\/flexim.eu\/wp-content\/uploads\/2023\/03\/Flexim-Verpakking-Zwart-2-600x583-1.jpg\" class=\"attachment-large size-large wp-image-10375\" alt=\"om os\" srcset=\"https:\/\/flexim.eu\/wp-content\/uploads\/2023\/03\/Flexim-Verpakking-Zwart-2-600x583-1.jpg 600w, https:\/\/flexim.eu\/wp-content\/uploads\/2023\/03\/Flexim-Verpakking-Zwart-2-600x583-1-300x292.jpg 300w\" sizes=\"(max-width: 600px) 100vw, 600px\" \/>\t\t\t\t\t\t\t\t\t\t\t\t\t\t\t<\/div>\n\t\t\t\t<\/div>\n\t\t\t\t<div class=\"elementor-element elementor-element-39038bb elementor-widget elementor-widget-image\" data-id=\"39038bb\" data-element_type=\"widget\" data-e-type=\"widget\" data-widget_type=\"image.default\">\n\t\t\t\t<div class=\"elementor-widget-container\">\n\t\t\t\t\t\t\t\t\t\t\t\t\t\t\t<img decoding=\"async\" width=\"401\" height=\"53\" src=\"https:\/\/flexim.eu\/wp-content\/uploads\/2023\/04\/kleuren.jpg\" class=\"attachment-large size-large wp-image-11518\" alt=\"\" srcset=\"https:\/\/flexim.eu\/wp-content\/uploads\/2023\/04\/kleuren.jpg.webp 401w, https:\/\/flexim.eu\/wp-content\/uploads\/2023\/04\/kleuren-300x40.jpg.webp 300w\" sizes=\"(max-width: 401px) 100vw, 401px\" \/>\t\t\t\t\t\t\t\t\t\t\t\t\t\t\t<\/div>\n\t\t\t\t<\/div>\n\t\t\t\t<div class=\"elementor-element elementor-element-d01dd2c elementor-widget elementor-widget-heading\" data-id=\"d01dd2c\" data-element_type=\"widget\" data-e-type=\"widget\" data-widget_type=\"heading.default\">\n\t\t\t\t<div class=\"elementor-widget-container\">\n\t\t\t\t\t<h2 class=\"elementor-heading-title elementor-size-default\">Flexim stor pakke<\/h2>\t\t\t\t<\/div>\n\t\t\t\t<\/div>\n\t\t\t\t<div class=\"elementor-element elementor-element-3eb8ada elementor-widget elementor-widget-text-editor\" data-id=\"3eb8ada\" data-element_type=\"widget\" data-e-type=\"widget\" data-widget_type=\"text-editor.default\">\n\t\t\t\t<div class=\"elementor-widget-container\">\n\t\t\t\t\t\t\t\t\t<p><strong>Flexims bedst s\u00e6lgende emballage!<\/strong><\/p>\n<p>Har du tagsskader p\u00e5 rygningsstenene eller grat?<\/p>\n<p>Med denne 10-stribe emballage kan du nemt og hurtigt fastg\u00f8re 3 til 5 meter rygningsstenene p\u00e5 begge sider.<\/p>\n<p><strong>Indhold:<\/strong><\/p>\n<ul>\n<li>10 strimler Flexim rygningskit<\/li>\n<li>Behandlingsinstruktioner<\/li>\n<li>4 latexhandsker<\/li>\n<\/ul>\n<p><strong><br \/><\/strong>Holdbarhed: 2 \u00e5r<\/p>\n\t\t\t\t\t\t\t\t<\/div>\n\t\t\t\t<\/div>\n\t\t\t\t<div class=\"elementor-element elementor-element-5880ed6 elementor-widget elementor-widget-button\" data-id=\"5880ed6\" data-element_type=\"widget\" data-e-type=\"widget\" data-widget_type=\"button.default\">\n\t\t\t\t<div class=\"elementor-widget-container\">\n\t\t\t\t\t\t\t\t\t<div class=\"elementor-button-wrapper\">\n\t\t\t\t\t<a class=\"elementor-button elementor-button-link elementor-size-sm\" href=\"https:\/\/flexim.eu\/da\/product\/flexim-stor-pakke\/\">\n\t\t\t\t\t\t<span class=\"elementor-button-content-wrapper\">\n\t\t\t\t\t\t\t\t\t<span class=\"elementor-button-text\">Se produkt<\/span>\n\t\t\t\t\t<\/span>\n\t\t\t\t\t<\/a>\n\t\t\t\t<\/div>\n\t\t\t\t\t\t\t\t<\/div>\n\t\t\t\t<\/div>\n\t\t\t\t<div class=\"elementor-element elementor-element-eef0391 elementor-widget elementor-widget-button\" data-id=\"eef0391\" data-element_type=\"widget\" data-e-type=\"widget\" data-widget_type=\"button.default\">\n\t\t\t\t<div class=\"elementor-widget-container\">\n\t\t\t\t\t\t\t\t\t<div class=\"elementor-button-wrapper\">\n\t\t\t\t\t<a class=\"elementor-button elementor-button-link elementor-size-sm\" href=\"https:\/\/flexim.eu\/da\/forhandlere\/\">\n\t\t\t\t\t\t<span class=\"elementor-button-content-wrapper\">\n\t\t\t\t\t\t<span class=\"elementor-button-icon\">\n\t\t\t\t<i aria-hidden=\"true\" class=\"icon icon-locatie\"><\/i>\t\t\t<\/span>\n\t\t\t\t\t\t\t\t\t<span class=\"elementor-button-text\">Til forhandlere<\/span>\n\t\t\t\t\t<\/span>\n\t\t\t\t\t<\/a>\n\t\t\t\t<\/div>\n\t\t\t\t\t\t\t\t<\/div>\n\t\t\t\t<\/div>\n\t\t\t\t<\/div>\n\t\t<div class=\"elementor-element elementor-element-9f22f85 e-con-full e-flex e-con e-parent\" data-id=\"9f22f85\" data-element_type=\"container\" data-e-type=\"container\" data-settings=\"{&quot;background_background&quot;:&quot;classic&quot;}\">\n\t\t\t\t<div class=\"elementor-element elementor-element-783d381 elementor-widget elementor-widget-image\" data-id=\"783d381\" data-element_type=\"widget\" data-e-type=\"widget\" data-widget_type=\"image.default\">\n\t\t\t\t<div class=\"elementor-widget-container\">\n\t\t\t\t\t\t\t\t\t\t\t\t\t\t\t<img loading=\"lazy\" decoding=\"async\" width=\"571\" height=\"600\" src=\"https:\/\/flexim.eu\/wp-content\/uploads\/2023\/03\/Kleinverpakking-Zwart-1-600x630-1.jpg\" class=\"attachment-large size-large wp-image-10522\" alt=\"Flexim Rygningskit Lillepakke\" srcset=\"https:\/\/flexim.eu\/wp-content\/uploads\/2023\/03\/Kleinverpakking-Zwart-1-600x630-1.jpg 571w, https:\/\/flexim.eu\/wp-content\/uploads\/2023\/03\/Kleinverpakking-Zwart-1-600x630-1-286x300.jpg 286w\" sizes=\"(max-width: 571px) 100vw, 571px\" \/>\t\t\t\t\t\t\t\t\t\t\t\t\t\t\t<\/div>\n\t\t\t\t<\/div>\n\t\t\t\t<div class=\"elementor-element elementor-element-c2a0164 elementor-widget elementor-widget-image\" data-id=\"c2a0164\" data-element_type=\"widget\" data-e-type=\"widget\" data-widget_type=\"image.default\">\n\t\t\t\t<div class=\"elementor-widget-container\">\n\t\t\t\t\t\t\t\t\t\t\t\t\t\t\t<img decoding=\"async\" width=\"401\" height=\"53\" src=\"https:\/\/flexim.eu\/wp-content\/uploads\/2023\/04\/kleuren.jpg\" class=\"attachment-large size-large wp-image-11518\" alt=\"\" srcset=\"https:\/\/flexim.eu\/wp-content\/uploads\/2023\/04\/kleuren.jpg.webp 401w, https:\/\/flexim.eu\/wp-content\/uploads\/2023\/04\/kleuren-300x40.jpg.webp 300w\" sizes=\"(max-width: 401px) 100vw, 401px\" \/>\t\t\t\t\t\t\t\t\t\t\t\t\t\t\t<\/div>\n\t\t\t\t<\/div>\n\t\t\t\t<div class=\"elementor-element elementor-element-999f5c4 elementor-widget elementor-widget-heading\" data-id=\"999f5c4\" data-element_type=\"widget\" data-e-type=\"widget\" data-widget_type=\"heading.default\">\n\t\t\t\t<div class=\"elementor-widget-container\">\n\t\t\t\t\t<h2 class=\"elementor-heading-title elementor-size-default\">Flexim lille pakke<\/h2>\t\t\t\t<\/div>\n\t\t\t\t<\/div>\n\t\t\t\t<div class=\"elementor-element elementor-element-ad586be elementor-widget elementor-widget-text-editor\" data-id=\"ad586be\" data-element_type=\"widget\" data-e-type=\"widget\" data-widget_type=\"text-editor.default\">\n\t\t\t\t<div class=\"elementor-widget-container\">\n\t\t\t\t\t\t\t\t\t<p><strong>Lille vedligeholdelsesopgave? Dette er den perfekte DIY-emballage!<\/strong><\/p>\n<p>Reparer nemt og hurtigt sm\u00e5 revner i rygningsstenene, grat eller skotrenden og undg\u00e5 l\u00e6kager!<\/p>\n<p>Med denne 5-stribe emballage kan du fastg\u00f8re cirka 1,5 til 3 meter rygningsstenene p\u00e5 begge sider.<\/p>\n<p><strong>Indhold:<\/strong><\/p>\n<ul>\n<li>5 strimler Flexim rygningskit<\/li>\n<li>Behandlingsinstruktioner<\/li>\n<li>4 latexhandsker<\/li>\n<\/ul>\n<p><strong><br \/><\/strong>Holdbarhed: 2 \u00e5r<\/p>\n\t\t\t\t\t\t\t\t<\/div>\n\t\t\t\t<\/div>\n\t\t\t\t<div class=\"elementor-element elementor-element-a6313b2 elementor-widget elementor-widget-button\" data-id=\"a6313b2\" data-element_type=\"widget\" data-e-type=\"widget\" data-widget_type=\"button.default\">\n\t\t\t\t<div class=\"elementor-widget-container\">\n\t\t\t\t\t\t\t\t\t<div class=\"elementor-button-wrapper\">\n\t\t\t\t\t<a class=\"elementor-button elementor-button-link elementor-size-sm\" href=\"https:\/\/flexim.eu\/da\/product\/flexim-lille-pakke\/\">\n\t\t\t\t\t\t<span class=\"elementor-button-content-wrapper\">\n\t\t\t\t\t\t\t\t\t<span class=\"elementor-button-text\">Se produkt<\/span>\n\t\t\t\t\t<\/span>\n\t\t\t\t\t<\/a>\n\t\t\t\t<\/div>\n\t\t\t\t\t\t\t\t<\/div>\n\t\t\t\t<\/div>\n\t\t\t\t<div class=\"elementor-element elementor-element-dc6c3da elementor-widget elementor-widget-button\" data-id=\"dc6c3da\" data-element_type=\"widget\" data-e-type=\"widget\" data-widget_type=\"button.default\">\n\t\t\t\t<div class=\"elementor-widget-container\">\n\t\t\t\t\t\t\t\t\t<div class=\"elementor-button-wrapper\">\n\t\t\t\t\t<a class=\"elementor-button elementor-button-link elementor-size-sm\" href=\"https:\/\/flexim.eu\/da\/forhandlere\/\">\n\t\t\t\t\t\t<span class=\"elementor-button-content-wrapper\">\n\t\t\t\t\t\t<span class=\"elementor-button-icon\">\n\t\t\t\t<i aria-hidden=\"true\" class=\"icon icon-locatie\"><\/i>\t\t\t<\/span>\n\t\t\t\t\t\t\t\t\t<span class=\"elementor-button-text\">Til forhandlere<\/span>\n\t\t\t\t\t<\/span>\n\t\t\t\t\t<\/a>\n\t\t\t\t<\/div>\n\t\t\t\t\t\t\t\t<\/div>\n\t\t\t\t<\/div>\n\t\t\t\t<\/div>\n\t\t<div class=\"elementor-element elementor-element-3b7ea68 e-con-full e-flex e-con e-parent\" data-id=\"3b7ea68\" data-element_type=\"container\" data-e-type=\"container\" data-settings=\"{&quot;background_background&quot;:&quot;classic&quot;}\">\n\t\t\t\t<div class=\"elementor-element elementor-element-5313e36 elementor-widget elementor-widget-image\" data-id=\"5313e36\" data-element_type=\"widget\" data-e-type=\"widget\" data-widget_type=\"image.default\">\n\t\t\t\t<div class=\"elementor-widget-container\">\n\t\t\t\t\t\t\t\t\t\t\t\t\t\t\t<img loading=\"lazy\" decoding=\"async\" width=\"375\" height=\"400\" src=\"https:\/\/flexim.eu\/wp-content\/uploads\/2023\/03\/Flexim-ReFix-3-02-375x400-1.png\" class=\"attachment-large size-large wp-image-10382\" alt=\"\" srcset=\"https:\/\/flexim.eu\/wp-content\/uploads\/2023\/03\/Flexim-ReFix-3-02-375x400-1.png.webp 375w, https:\/\/flexim.eu\/wp-content\/uploads\/2023\/03\/Flexim-ReFix-3-02-375x400-1-281x300.png.webp 281w\" sizes=\"(max-width: 375px) 100vw, 375px\" \/>\t\t\t\t\t\t\t\t\t\t\t\t\t\t\t<\/div>\n\t\t\t\t<\/div>\n\t\t\t\t<div class=\"elementor-element elementor-element-d436697 elementor-widget elementor-widget-image\" data-id=\"d436697\" data-element_type=\"widget\" data-e-type=\"widget\" data-widget_type=\"image.default\">\n\t\t\t\t<div class=\"elementor-widget-container\">\n\t\t\t\t\t\t\t\t\t\t\t\t\t\t\t<img loading=\"lazy\" decoding=\"async\" width=\"110\" height=\"50\" src=\"https:\/\/flexim.eu\/wp-content\/uploads\/2023\/04\/zwart-grijs.jpg\" class=\"attachment-large size-large wp-image-11526\" alt=\"\" \/>\t\t\t\t\t\t\t\t\t\t\t\t\t\t\t<\/div>\n\t\t\t\t<\/div>\n\t\t\t\t<div class=\"elementor-element elementor-element-99197a3 elementor-widget elementor-widget-heading\" data-id=\"99197a3\" data-element_type=\"widget\" data-e-type=\"widget\" data-widget_type=\"heading.default\">\n\t\t\t\t<div class=\"elementor-widget-container\">\n\t\t\t\t\t<h2 class=\"elementor-heading-title elementor-size-default\">Re-fix Repair Paste<\/h2>\t\t\t\t<\/div>\n\t\t\t\t<\/div>\n\t\t\t\t<div class=\"elementor-element elementor-element-2bca8cc elementor-widget elementor-widget-text-editor\" data-id=\"2bca8cc\" data-element_type=\"widget\" data-e-type=\"widget\" data-widget_type=\"text-editor.default\">\n\t\t\t\t<div class=\"elementor-widget-container\">\n\t\t\t\t\t\t\t\t\t<p><strong>Den alsidige Flexim reparationspasta, men i tube!<\/strong><\/p>\n<p>Sm\u00e5 revner p\u00e5 taget kan nemt give l\u00e6kageproblemer.<\/p>\n<p>Is\u00e6r mellem det gamle cementlag vil der med tiden opst\u00e5 revner, som skal udfyldes. Dette kan g\u00f8res hurtigt med Flexim Re-Fix, en pasta, der er nem at spr\u00f8jte og lukker revner inden for f\u00e5 minutter for at forhindre l\u00e6kage og forbedre taget!<\/p>\n<p>P\u00e5 den m\u00e5de kan du udskyde st\u00f8rre vedligeholdelse l\u00e6ngere og dermed forl\u00e6nge tagets levetid! <\/p>\n\t\t\t\t\t\t\t\t<\/div>\n\t\t\t\t<\/div>\n\t\t\t\t<div class=\"elementor-element elementor-element-bc55101 elementor-widget elementor-widget-button\" data-id=\"bc55101\" data-element_type=\"widget\" data-e-type=\"widget\" data-widget_type=\"button.default\">\n\t\t\t\t<div class=\"elementor-widget-container\">\n\t\t\t\t\t\t\t\t\t<div class=\"elementor-button-wrapper\">\n\t\t\t\t\t<a class=\"elementor-button elementor-button-link elementor-size-sm\" href=\"https:\/\/flexim.eu\/da\/product\/genfiks-reparationspasta\/\">\n\t\t\t\t\t\t<span class=\"elementor-button-content-wrapper\">\n\t\t\t\t\t\t\t\t\t<span class=\"elementor-button-text\">Se produkt<\/span>\n\t\t\t\t\t<\/span>\n\t\t\t\t\t<\/a>\n\t\t\t\t<\/div>\n\t\t\t\t\t\t\t\t<\/div>\n\t\t\t\t<\/div>\n\t\t\t\t<div class=\"elementor-element elementor-element-52e83f8 elementor-widget elementor-widget-button\" data-id=\"52e83f8\" data-element_type=\"widget\" data-e-type=\"widget\" data-widget_type=\"button.default\">\n\t\t\t\t<div class=\"elementor-widget-container\">\n\t\t\t\t\t\t\t\t\t<div class=\"elementor-button-wrapper\">\n\t\t\t\t\t<a class=\"elementor-button elementor-button-link elementor-size-sm\" href=\"https:\/\/flexim.eu\/da\/forhandlere\/\">\n\t\t\t\t\t\t<span class=\"elementor-button-content-wrapper\">\n\t\t\t\t\t\t<span class=\"elementor-button-icon\">\n\t\t\t\t<i aria-hidden=\"true\" class=\"icon icon-locatie\"><\/i>\t\t\t<\/span>\n\t\t\t\t\t\t\t\t\t<span class=\"elementor-button-text\">Til forhandlere<\/span>\n\t\t\t\t\t<\/span>\n\t\t\t\t\t<\/a>\n\t\t\t\t<\/div>\n\t\t\t\t\t\t\t\t<\/div>\n\t\t\t\t<\/div>\n\t\t\t\t<\/div>\n\t\t\t\t\t<\/div>\n\t\t\t\t<\/div>\n\t\t<div class=\"elementor-element elementor-element-fe9116b e-flex e-con-boxed e-con e-parent\" data-id=\"fe9116b\" data-element_type=\"container\" data-e-type=\"container\" data-settings=\"{&quot;background_background&quot;:&quot;gradient&quot;}\">\n\t\t\t\t\t<div class=\"e-con-inner\">\n\t\t<div class=\"elementor-element elementor-element-5b599fb e-con-full e-flex e-con e-parent\" data-id=\"5b599fb\" data-element_type=\"container\" data-e-type=\"container\" data-settings=\"{&quot;background_background&quot;:&quot;classic&quot;}\">\n\t\t\t\t<div class=\"elementor-element elementor-element-470c85c elementor-invisible elementor-widget elementor-widget-image\" data-id=\"470c85c\" data-element_type=\"widget\" data-e-type=\"widget\" data-settings=\"{&quot;_animation&quot;:&quot;BlubfadeInLeft&quot;}\" data-widget_type=\"image.default\">\n\t\t\t\t<div class=\"elementor-widget-container\">\n\t\t\t\t\t\t\t\t\t\t\t\t\t\t\t<img loading=\"lazy\" decoding=\"async\" width=\"395\" height=\"303\" src=\"https:\/\/flexim.eu\/wp-content\/uploads\/2023\/03\/Flexim-Verpakking-Zwart-min.png\" class=\"attachment-large size-large wp-image-9934\" alt=\"contact\" srcset=\"https:\/\/flexim.eu\/wp-content\/uploads\/2023\/03\/Flexim-Verpakking-Zwart-min.png.webp 395w, https:\/\/flexim.eu\/wp-content\/uploads\/2023\/03\/Flexim-Verpakking-Zwart-min-300x230.png.webp 300w\" sizes=\"(max-width: 395px) 100vw, 395px\" \/>\t\t\t\t\t\t\t\t\t\t\t\t\t\t\t<\/div>\n\t\t\t\t<\/div>\n\t\t\t\t<\/div>\n\t\t<div class=\"elementor-element elementor-element-5b3cac8 e-con-full e-flex e-con e-parent\" data-id=\"5b3cac8\" data-element_type=\"container\" data-e-type=\"container\" data-settings=\"{&quot;background_background&quot;:&quot;classic&quot;}\">\n\t\t\t\t<div class=\"elementor-element elementor-element-bd2a454 elementor-widget elementor-widget-heading\" data-id=\"bd2a454\" data-element_type=\"widget\" data-e-type=\"widget\" data-widget_type=\"heading.default\">\n\t\t\t\t<div class=\"elementor-widget-container\">\n\t\t\t\t\t<h2 class=\"elementor-heading-title elementor-size-default\">Forbrugsberegner<\/h2>\t\t\t\t<\/div>\n\t\t\t\t<\/div>\n\t\t\t\t<div class=\"elementor-element elementor-element-bdaaf2b elementor-widget elementor-widget-text-editor\" data-id=\"bdaaf2b\" data-element_type=\"widget\" data-e-type=\"widget\" data-widget_type=\"text-editor.default\">\n\t\t\t\t<div class=\"elementor-widget-container\">\n\t\t\t\t\t\t\t\t\t<p>Vil du vide pr\u00e6cis, hvor meget Flexim, der skal bruges til projektet? Brug forbrugsberegneren!<\/p>\n\t\t\t\t\t\t\t\t<\/div>\n\t\t\t\t<\/div>\n\t\t\t\t<div class=\"elementor-element elementor-element-1df3c1e elementor-widget elementor-widget-button\" data-id=\"1df3c1e\" data-element_type=\"widget\" data-e-type=\"widget\" data-widget_type=\"button.default\">\n\t\t\t\t<div class=\"elementor-widget-container\">\n\t\t\t\t\t\t\t\t\t<div class=\"elementor-button-wrapper\">\n\t\t\t\t\t<a class=\"elementor-button elementor-button-link elementor-size-sm\" href=\"https:\/\/flexim.eu\/da\/forbrugsberegner\/\">\n\t\t\t\t\t\t<span class=\"elementor-button-content-wrapper\">\n\t\t\t\t\t\t\t\t\t<span class=\"elementor-button-text\">\u00c5bn lommeregneren<\/span>\n\t\t\t\t\t<\/span>\n\t\t\t\t\t<\/a>\n\t\t\t\t<\/div>\n\t\t\t\t\t\t\t\t<\/div>\n\t\t\t\t<\/div>\n\t\t\t\t<\/div>\n\t\t\t\t\t<\/div>\n\t\t\t\t<\/div>\n\t\t\t\t<\/div>\n\t\t","protected":false},"excerpt":{"rendered":"<p>Flexim international BV Hvad er Flexim Flexim er en rygningskit klar til brug. Siden 1985 har produktet v\u00e6ret brugt p\u00e5 reparations-, renoverings- og nybyggermarkedet til fastg\u00f8relse af rygningsrygge og tagsten. Se produkt Produktet Flexim er baseret p\u00e5 naturlige ingredienser. Hovedingrediensen best\u00e5r af vegetabilsk linolie. Produktet er ansvarlig for hver opgave. Fordi produktet Flexim er pakket [&hellip;]<\/p>\n","protected":false},"author":1,"featured_media":11237,"parent":0,"menu_order":0,"comment_status":"closed","ping_status":"closed","template":"elementor_header_footer","meta":{"footnotes":""},"class_list":["post-10936","page","type-page","status-publish","has-post-thumbnail","hentry"],"_links":{"self":[{"href":"https:\/\/flexim.eu\/da\/wp-json\/wp\/v2\/pages\/10936","targetHints":{"allow":["GET"]}}],"collection":[{"href":"https:\/\/flexim.eu\/da\/wp-json\/wp\/v2\/pages"}],"about":[{"href":"https:\/\/flexim.eu\/da\/wp-json\/wp\/v2\/types\/page"}],"author":[{"embeddable":true,"href":"https:\/\/flexim.eu\/da\/wp-json\/wp\/v2\/users\/1"}],"replies":[{"embeddable":true,"href":"https:\/\/flexim.eu\/da\/wp-json\/wp\/v2\/comments?post=10936"}],"version-history":[{"count":0,"href":"https:\/\/flexim.eu\/da\/wp-json\/wp\/v2\/pages\/10936\/revisions"}],"wp:featuredmedia":[{"embeddable":true,"href":"https:\/\/flexim.eu\/da\/wp-json\/wp\/v2\/media\/11237"}],"wp:attachment":[{"href":"https:\/\/flexim.eu\/da\/wp-json\/wp\/v2\/media?parent=10936"}],"curies":[{"name":"wp","href":"https:\/\/api.w.org\/{rel}","templated":true}]}}