{"id":10944,"date":"2023-03-09T16:54:22","date_gmt":"2023-03-09T15:54:22","guid":{"rendered":"https:\/\/flexim.eu\/was-ist-flexi\/"},"modified":"2023-06-30T15:19:11","modified_gmt":"2023-06-30T13:19:11","slug":"was-ist-flexim","status":"publish","type":"page","link":"https:\/\/flexim.eu\/de\/was-ist-flexim\/","title":{"rendered":"Was ist Flexim"},"content":{"rendered":"\t\t<div data-elementor-type=\"wp-page\" data-elementor-id=\"10944\" class=\"elementor elementor-10944 elementor-73\" data-elementor-post-type=\"page\">\n\t\t\t\t<div class=\"elementor-element elementor-element-aadb699 e-con-full e-flex e-con e-parent\" data-id=\"aadb699\" data-element_type=\"container\" data-e-type=\"container\" data-settings=\"{&quot;background_background&quot;:&quot;gradient&quot;}\">\n\t\t<div class=\"elementor-element elementor-element-a833782 e-con-full e-flex e-con e-parent\" data-id=\"a833782\" data-element_type=\"container\" data-e-type=\"container\" data-settings=\"{&quot;background_background&quot;:&quot;classic&quot;}\">\n\t\t\t\t<div class=\"elementor-element elementor-element-8a09e0b elementor-invisible elementor-widget elementor-widget-heading\" data-id=\"8a09e0b\" data-element_type=\"widget\" data-e-type=\"widget\" data-settings=\"{&quot;_animation&quot;:&quot;BlubfadeInRight&quot;}\" data-widget_type=\"heading.default\">\n\t\t\t\t<div class=\"elementor-widget-container\">\n\t\t\t\t\t<span class=\"elementor-heading-title elementor-size-default\">Flexim International BV<\/span>\t\t\t\t<\/div>\n\t\t\t\t<\/div>\n\t\t\t\t<div class=\"elementor-element elementor-element-38be330 elementor-invisible elementor-widget elementor-widget-heading\" data-id=\"38be330\" data-element_type=\"widget\" data-e-type=\"widget\" data-settings=\"{&quot;_animation&quot;:&quot;BlubfadeInRight&quot;}\" data-widget_type=\"heading.default\">\n\t\t\t\t<div class=\"elementor-widget-container\">\n\t\t\t\t\t<h1 class=\"elementor-heading-title elementor-size-default\">Was ist Flexim<\/h1>\t\t\t\t<\/div>\n\t\t\t\t<\/div>\n\t\t\t\t<div class=\"elementor-element elementor-element-4aa2d67 elementor-invisible elementor-widget elementor-widget-text-editor\" data-id=\"4aa2d67\" data-element_type=\"widget\" data-e-type=\"widget\" data-settings=\"{&quot;_animation&quot;:&quot;BlubfadeInRight&quot;}\" data-widget_type=\"text-editor.default\">\n\t\t\t\t<div class=\"elementor-widget-container\">\n\t\t\t\t\t\t\t\t\t<p>Flexim ist ein Fix und fertig Dachm\u00f6rtel. Seit 1985 wird das Produkt im Reparatur-, Renovierungs- und Neubaumarkt zur Befestigung von Firsten und Dachziegeln eingesetzt.<\/p>\n\t\t\t\t\t\t\t\t<\/div>\n\t\t\t\t<\/div>\n\t\t\t\t<div class=\"elementor-element elementor-element-3def2de elementor-invisible elementor-widget elementor-widget-button\" data-id=\"3def2de\" data-element_type=\"widget\" data-e-type=\"widget\" data-settings=\"{&quot;_animation&quot;:&quot;fadeIn&quot;,&quot;_animation_delay&quot;:400}\" data-widget_type=\"button.default\">\n\t\t\t\t<div class=\"elementor-widget-container\">\n\t\t\t\t\t\t\t\t\t<div class=\"elementor-button-wrapper\">\n\t\t\t\t\t<a class=\"elementor-button elementor-button-link elementor-size-sm\" href=\"https:\/\/flexim.eu\/winkel\/\">\n\t\t\t\t\t\t<span class=\"elementor-button-content-wrapper\">\n\t\t\t\t\t\t\t\t\t<span class=\"elementor-button-text\">Produkte ansehen<\/span>\n\t\t\t\t\t<\/span>\n\t\t\t\t\t<\/a>\n\t\t\t\t<\/div>\n\t\t\t\t\t\t\t\t<\/div>\n\t\t\t\t<\/div>\n\t\t\t\t<\/div>\n\t\t<div class=\"elementor-element elementor-element-743384e e-con-full e-flex e-con e-parent\" data-id=\"743384e\" data-element_type=\"container\" data-e-type=\"container\" data-settings=\"{&quot;background_background&quot;:&quot;classic&quot;}\">\n\t\t\t\t<div class=\"elementor-element elementor-element-86504ab elementor-widget elementor-widget-spacer\" data-id=\"86504ab\" data-element_type=\"widget\" data-e-type=\"widget\" data-widget_type=\"spacer.default\">\n\t\t\t\t<div class=\"elementor-widget-container\">\n\t\t\t\t\t\t\t<div class=\"elementor-spacer\">\n\t\t\t<div class=\"elementor-spacer-inner\"><\/div>\n\t\t<\/div>\n\t\t\t\t\t\t<\/div>\n\t\t\t\t<\/div>\n\t\t\t\t<\/div>\n\t\t\t\t<\/div>\n\t\t<div class=\"elementor-element elementor-element-abd4d30 e-flex e-con-boxed e-con e-parent\" data-id=\"abd4d30\" data-element_type=\"container\" data-e-type=\"container\" data-settings=\"{&quot;background_background&quot;:&quot;classic&quot;}\">\n\t\t\t\t\t<div class=\"e-con-inner\">\n\t\t<div class=\"elementor-element elementor-element-cafbf89 e-con-full e-flex e-con e-parent\" data-id=\"cafbf89\" data-element_type=\"container\" data-e-type=\"container\">\n\t\t\t\t<div class=\"elementor-element elementor-element-3564028 elementor-invisible elementor-widget elementor-widget-image\" data-id=\"3564028\" data-element_type=\"widget\" data-e-type=\"widget\" data-settings=\"{&quot;_animation&quot;:&quot;BlubfadeInUp&quot;}\" data-widget_type=\"image.default\">\n\t\t\t\t<div class=\"elementor-widget-container\">\n\t\t\t\t\t\t\t\t\t\t\t\t\t\t\t<img fetchpriority=\"high\" decoding=\"async\" width=\"800\" height=\"600\" src=\"https:\/\/flexim.eu\/wp-content\/uploads\/2023\/03\/Flexim-Verpakkingen-Combinatie-1-min.png\" class=\"attachment-large size-large wp-image-9958\" alt=\"dealers\" srcset=\"https:\/\/flexim.eu\/wp-content\/uploads\/2023\/03\/Flexim-Verpakkingen-Combinatie-1-min.png 800w, https:\/\/flexim.eu\/wp-content\/uploads\/2023\/03\/Flexim-Verpakkingen-Combinatie-1-min-600x450.png 600w, https:\/\/flexim.eu\/wp-content\/uploads\/2023\/03\/Flexim-Verpakkingen-Combinatie-1-min-300x225.png 300w, https:\/\/flexim.eu\/wp-content\/uploads\/2023\/03\/Flexim-Verpakkingen-Combinatie-1-min-768x576.png 768w\" sizes=\"(max-width: 800px) 100vw, 800px\" \/>\t\t\t\t\t\t\t\t\t\t\t\t\t\t\t<\/div>\n\t\t\t\t<\/div>\n\t\t\t\t<\/div>\n\t\t<div class=\"elementor-element elementor-element-2cb8466 e-con-full e-flex e-con e-parent\" data-id=\"2cb8466\" data-element_type=\"container\" data-e-type=\"container\">\n\t\t\t\t<div class=\"elementor-element elementor-element-468007c elementor-widget elementor-widget-heading\" data-id=\"468007c\" data-element_type=\"widget\" data-e-type=\"widget\" data-widget_type=\"heading.default\">\n\t\t\t\t<div class=\"elementor-widget-container\">\n\t\t\t\t\t<h2 class=\"elementor-heading-title elementor-size-default\">Das Produkt<\/h2>\t\t\t\t<\/div>\n\t\t\t\t<\/div>\n\t\t\t\t<div class=\"elementor-element elementor-element-e3f0c69 elementor-widget elementor-widget-text-editor\" data-id=\"e3f0c69\" data-element_type=\"widget\" data-e-type=\"widget\" data-widget_type=\"text-editor.default\">\n\t\t\t\t<div class=\"elementor-widget-container\">\n\t\t\t\t\t\t\t\t\t<p>Flexim basiert auf nat\u00fcrlichen Inhaltsstoffen. Der Hauptbestandteil besteht aus pflanzlichem Lein\u00f6l. Das Produkt ist f\u00fcr jeden Job verantwortlich. Da das Produkt Flexim in leichten und gebrauchsfertigen Streifen verpackt ist, l\u00e4sst sich jede Arbeit problemlos ausf\u00fchren. Flexim ist in 5 oder 10 Streifen erh\u00e4ltlich.<\/p>\n\t\t\t\t\t\t\t\t<\/div>\n\t\t\t\t<\/div>\n\t\t\t\t<\/div>\n\t\t\t\t\t<\/div>\n\t\t\t\t<\/div>\n\t\t<div class=\"elementor-element elementor-element-e3853e7 e-flex e-con-boxed e-con e-parent\" data-id=\"e3853e7\" data-element_type=\"container\" data-e-type=\"container\" data-settings=\"{&quot;background_background&quot;:&quot;classic&quot;}\">\n\t\t\t\t\t<div class=\"e-con-inner\">\n\t\t<div class=\"elementor-element elementor-element-e3a59e2 e-con-full e-flex e-con e-parent\" data-id=\"e3a59e2\" data-element_type=\"container\" data-e-type=\"container\" data-settings=\"{&quot;background_background&quot;:&quot;classic&quot;}\">\n\t\t\t\t<div class=\"elementor-element elementor-element-6c3be3b elementor-widget elementor-widget-heading\" data-id=\"6c3be3b\" data-element_type=\"widget\" data-e-type=\"widget\" data-widget_type=\"heading.default\">\n\t\t\t\t<div class=\"elementor-widget-container\">\n\t\t\t\t\t<h2 class=\"elementor-heading-title elementor-size-default\">Die Verwendung<\/h2>\t\t\t\t<\/div>\n\t\t\t\t<\/div>\n\t\t\t\t<div class=\"elementor-element elementor-element-60f241d elementor-widget elementor-widget-text-editor\" data-id=\"60f241d\" data-element_type=\"widget\" data-e-type=\"widget\" data-widget_type=\"text-editor.default\">\n\t\t\t\t<div class=\"elementor-widget-container\">\n\t\t\t\t\t\t\t\t\t<p>Flexim ist multifunktional, das Produkt wird in der Dachreparatur, Dachsanierung und im Neubau eingesetzt. Flexim ist besonders ideal zum Auffangen von Firsten und Gratziegeln. M\u00f6chten Sie Flexim f\u00fcr andere Projekte verwenden? Es kann angewendet werden auf:<\/p>\n\t\t\t\t\t\t\t\t<\/div>\n\t\t\t\t<\/div>\n\t\t\t\t<\/div>\n\t\t<div class=\"elementor-element elementor-element-3965bd7 e-con-full e-flex e-con e-parent\" data-id=\"3965bd7\" data-element_type=\"container\" data-e-type=\"container\" data-settings=\"{&quot;background_background&quot;:&quot;classic&quot;}\">\n\t\t\t\t<div class=\"elementor-element elementor-element-64842ea elementor-icon-list--layout-traditional elementor-list-item-link-full_width elementor-widget elementor-widget-icon-list\" data-id=\"64842ea\" data-element_type=\"widget\" data-e-type=\"widget\" data-widget_type=\"icon-list.default\">\n\t\t\t\t<div class=\"elementor-widget-container\">\n\t\t\t\t\t\t\t<ul class=\"elementor-icon-list-items\">\n\t\t\t\t\t\t\t<li class=\"elementor-icon-list-item\">\n\t\t\t\t\t\t\t\t\t\t\t<span class=\"elementor-icon-list-icon\">\n\t\t\t\t\t\t\t<i aria-hidden=\"true\" class=\"icon icon-bold-chevron-right\"><\/i>\t\t\t\t\t\t<\/span>\n\t\t\t\t\t\t\t\t\t\t<span class=\"elementor-icon-list-text\">Befestigung und Abst\u00fctzung von Ziegeln in der <b>Dachkehl<\/b> (wind- und wasserdichte L\u00f6sung)<\/span>\n\t\t\t\t\t\t\t\t\t<\/li>\n\t\t\t\t\t\t\t\t<li class=\"elementor-icon-list-item\">\n\t\t\t\t\t\t\t\t\t\t\t<span class=\"elementor-icon-list-icon\">\n\t\t\t\t\t\t\t<i aria-hidden=\"true\" class=\"icon icon-bold-chevron-right\"><\/i>\t\t\t\t\t\t<\/span>\n\t\t\t\t\t\t\t\t\t\t<span class=\"elementor-icon-list-text\">Befestigung und Unterst\u00fctzung von Ziegeln entlang des <b>Dachfenstern<\/b> (wind- und wasserdichte L\u00f6sung)<\/span>\n\t\t\t\t\t\t\t\t\t<\/li>\n\t\t\t\t\t\t\t\t<li class=\"elementor-icon-list-item\">\n\t\t\t\t\t\t\t\t\t\t\t<span class=\"elementor-icon-list-icon\">\n\t\t\t\t\t\t\t<i aria-hidden=\"true\" class=\"icon icon-bold-chevron-right\"><\/i>\t\t\t\t\t\t<\/span>\n\t\t\t\t\t\t\t\t\t\t<span class=\"elementor-icon-list-text\">Verbindung zwischen Firsten und <b>Schornstein<\/b> (F\u00fcllung von L\u00f6chern und Rissen)<\/span>\n\t\t\t\t\t\t\t\t\t<\/li>\n\t\t\t\t\t\t\t\t<li class=\"elementor-icon-list-item\">\n\t\t\t\t\t\t\t\t\t\t\t<span class=\"elementor-icon-list-icon\">\n\t\t\t\t\t\t\t<i aria-hidden=\"true\" class=\"icon icon-bold-chevron-right\"><\/i>\t\t\t\t\t\t<\/span>\n\t\t\t\t\t\t\t\t\t\t<span class=\"elementor-icon-list-text\">Abdichten von Rissen an <b>Bleiversch\u00fcrzen<\/b> (um ein Absinken des Bleis zu verhindern)<\/span>\n\t\t\t\t\t\t\t\t\t<\/li>\n\t\t\t\t\t\t\t\t<li class=\"elementor-icon-list-item\">\n\t\t\t\t\t\t\t\t\t\t\t<span class=\"elementor-icon-list-icon\">\n\t\t\t\t\t\t\t<i aria-hidden=\"true\" class=\"icon icon-bold-chevron-right\"><\/i>\t\t\t\t\t\t<\/span>\n\t\t\t\t\t\t\t\t\t\t<span class=\"elementor-icon-list-text\">F\u00fcllen von N\u00e4hten zwischen <b>Wellblechen <\/b>(Vermeidung von Zugluft)<\/span>\n\t\t\t\t\t\t\t\t\t<\/li>\n\t\t\t\t\t\t<\/ul>\n\t\t\t\t\t\t<\/div>\n\t\t\t\t<\/div>\n\t\t\t\t<\/div>\n\t\t\t\t\t<\/div>\n\t\t\t\t<\/div>\n\t\t<div class=\"elementor-element elementor-element-f6e0cde e-flex e-con-boxed e-con e-parent\" data-id=\"f6e0cde\" data-element_type=\"container\" data-e-type=\"container\" data-settings=\"{&quot;background_background&quot;:&quot;classic&quot;}\">\n\t\t\t\t\t<div class=\"e-con-inner\">\n\t\t<div class=\"elementor-element elementor-element-3d9adde e-con-full e-flex e-con e-parent\" data-id=\"3d9adde\" data-element_type=\"container\" data-e-type=\"container\">\n\t\t\t\t<div class=\"elementor-element elementor-element-8d253b5 elementor-widget__width-inherit elementor-widget elementor-widget-heading\" data-id=\"8d253b5\" data-element_type=\"widget\" data-e-type=\"widget\" data-widget_type=\"heading.default\">\n\t\t\t\t<div class=\"elementor-widget-container\">\n\t\t\t\t\t<h2 class=\"elementor-heading-title elementor-size-default\">L\u00f6sung f\u00fcr Ihr Dachleck<\/h2>\t\t\t\t<\/div>\n\t\t\t\t<\/div>\n\t\t\t\t<div class=\"elementor-element elementor-element-f098128 elementor-widget elementor-widget-text-editor\" data-id=\"f098128\" data-element_type=\"widget\" data-e-type=\"widget\" data-widget_type=\"text-editor.default\">\n\t\t\t\t<div class=\"elementor-widget-container\">\n\t\t\t\t\t\t\t\t\t<p>Suchen Sie nach einer L\u00f6sung f\u00fcr Dachlecks? Flexim Dachm\u00f6rtel kann die L\u00f6sung sein, die Sie suchen! Mit seiner einzigartigen Formel bietet Flexim-Dachm\u00f6rtel eine dauerhafte und zuverl\u00e4ssige L\u00f6sung zum Abdichten von Rissen und N\u00e4hten auf Ihrem Dach und verhindert Leckagen.<\/p>\n<p>Flexim-Dachm\u00f6rtel ist ein innovatives Produkt, das speziell entwickelt wurde, um Dachlecks schnell und einfach zu reparieren. Es ist aus hochwertigen Materialien gefertigt und h\u00e4lt allen Wetterbedingungen stand. Dar\u00fcber hinaus ist Flexim-Dachm\u00f6rtel sehr flexibel, sodass er sich leicht an die Form Ihres Daches anpasst und alle Bewegungen aufnehmen kann.<\/p>\n<p>Ein weiterer Vorteil von Flexim-Dachm\u00f6rtel ist, dass er sehr einfach aufzutragen ist. Sie k\u00f6nnen es einfach von Hand auftragen, ohne dass Spezialwerkzeuge erforderlich sind. Dies macht es zu einer idealen L\u00f6sung f\u00fcr Heimwerker, die ihr Dach selbst reparieren m\u00f6chten.<\/p>\n<p>Sie k\u00f6nnen die gerissene Zementschicht sowohl mit Flexim Re-Fix-Paste als auch mit den Standard-Flexim-Streifen f\u00fcllen.<\/p>\n\t\t\t\t\t\t\t\t<\/div>\n\t\t\t\t<\/div>\n\t\t\t\t<\/div>\n\t\t<div class=\"elementor-element elementor-element-9ae049b e-con-full e-flex e-con e-parent\" data-id=\"9ae049b\" data-element_type=\"container\" data-e-type=\"container\">\n\t\t\t\t<div class=\"elementor-element elementor-element-f8820c6 elementor-widget elementor-widget-spacer\" data-id=\"f8820c6\" data-element_type=\"widget\" data-e-type=\"widget\" data-widget_type=\"spacer.default\">\n\t\t\t\t<div class=\"elementor-widget-container\">\n\t\t\t\t\t\t\t<div class=\"elementor-spacer\">\n\t\t\t<div class=\"elementor-spacer-inner\"><\/div>\n\t\t<\/div>\n\t\t\t\t\t\t<\/div>\n\t\t\t\t<\/div>\n\t\t\t\t<\/div>\n\t\t\t\t\t<\/div>\n\t\t\t\t<\/div>\n\t\t<div class=\"elementor-element elementor-element-56331c2 e-flex e-con-boxed e-con e-parent\" data-id=\"56331c2\" data-element_type=\"container\" data-e-type=\"container\" data-settings=\"{&quot;background_background&quot;:&quot;classic&quot;}\">\n\t\t\t\t\t<div class=\"e-con-inner\">\n\t\t<div class=\"elementor-element elementor-element-6c53729 e-con-full e-flex e-con e-parent\" data-id=\"6c53729\" data-element_type=\"container\" data-e-type=\"container\" data-settings=\"{&quot;background_background&quot;:&quot;classic&quot;}\">\n\t\t\t\t<div class=\"elementor-element elementor-element-89097d6 elementor-widget elementor-widget-image\" data-id=\"89097d6\" data-element_type=\"widget\" data-e-type=\"widget\" data-widget_type=\"image.default\">\n\t\t\t\t<div class=\"elementor-widget-container\">\n\t\t\t\t\t\t\t\t\t\t\t\t\t\t\t<img decoding=\"async\" width=\"600\" height=\"583\" src=\"https:\/\/flexim.eu\/wp-content\/uploads\/2023\/03\/Flexim-Verpakking-Zwart-2-600x583-1.jpg\" class=\"attachment-large size-large wp-image-10378\" alt=\"Uber uns\" srcset=\"https:\/\/flexim.eu\/wp-content\/uploads\/2023\/03\/Flexim-Verpakking-Zwart-2-600x583-1.jpg 600w, https:\/\/flexim.eu\/wp-content\/uploads\/2023\/03\/Flexim-Verpakking-Zwart-2-600x583-1-300x292.jpg 300w\" sizes=\"(max-width: 600px) 100vw, 600px\" \/>\t\t\t\t\t\t\t\t\t\t\t\t\t\t\t<\/div>\n\t\t\t\t<\/div>\n\t\t\t\t<div class=\"elementor-element elementor-element-39038bb elementor-widget elementor-widget-image\" data-id=\"39038bb\" data-element_type=\"widget\" data-e-type=\"widget\" data-widget_type=\"image.default\">\n\t\t\t\t<div class=\"elementor-widget-container\">\n\t\t\t\t\t\t\t\t\t\t\t\t\t\t\t<img decoding=\"async\" width=\"401\" height=\"53\" src=\"https:\/\/flexim.eu\/wp-content\/uploads\/2023\/04\/kleuren.jpg\" class=\"attachment-large size-large wp-image-11521\" alt=\"\" srcset=\"https:\/\/flexim.eu\/wp-content\/uploads\/2023\/04\/kleuren.jpg 401w, https:\/\/flexim.eu\/wp-content\/uploads\/2023\/04\/kleuren-300x40.jpg 300w\" sizes=\"(max-width: 401px) 100vw, 401px\" \/>\t\t\t\t\t\t\t\t\t\t\t\t\t\t\t<\/div>\n\t\t\t\t<\/div>\n\t\t\t\t<div class=\"elementor-element elementor-element-d01dd2c elementor-widget elementor-widget-heading\" data-id=\"d01dd2c\" data-element_type=\"widget\" data-e-type=\"widget\" data-widget_type=\"heading.default\">\n\t\t\t\t<div class=\"elementor-widget-container\">\n\t\t\t\t\t<h2 class=\"elementor-heading-title elementor-size-default\">Flexim Gro\u00dfverpackungen<\/h2>\t\t\t\t<\/div>\n\t\t\t\t<\/div>\n\t\t\t\t<div class=\"elementor-element elementor-element-3eb8ada elementor-widget elementor-widget-text-editor\" data-id=\"3eb8ada\" data-element_type=\"widget\" data-e-type=\"widget\" data-widget_type=\"text-editor.default\">\n\t\t\t\t<div class=\"elementor-widget-container\">\n\t\t\t\t\t\t\t\t\t<p><strong>Die meistverkaufte Verpackung von Flexim!<\/strong><\/p>\n<p>Sie haben einen Dachschaden durch First- oder Gratziegeln?<\/p>\n<p>Mit dieser 10er-Packung k\u00f6nnen Sie ganz einfach und schnell 3 bis 5 Meter Firsten auf beiden Seiten befestigen.<\/p>\n<p><strong>Inhalt:<\/strong><\/p>\n<ul>\n<li>10 Streifen Flexim Dachm\u00f6rtel<\/li>\n<li>Verarbeitungshinweise<\/li>\n<li>4 Latexhandschuhe<\/li>\n<\/ul>\n<p><strong><br \/>Haltbarkeit:<\/strong> 2 Jahre<\/p>\n\t\t\t\t\t\t\t\t<\/div>\n\t\t\t\t<\/div>\n\t\t\t\t<div class=\"elementor-element elementor-element-5880ed6 elementor-widget elementor-widget-button\" data-id=\"5880ed6\" data-element_type=\"widget\" data-e-type=\"widget\" data-widget_type=\"button.default\">\n\t\t\t\t<div class=\"elementor-widget-container\">\n\t\t\t\t\t\t\t\t\t<div class=\"elementor-button-wrapper\">\n\t\t\t\t\t<a class=\"elementor-button elementor-button-link elementor-size-sm\" href=\"https:\/\/flexim.eu\/de\/product\/flexim-grossverpackung\/\">\n\t\t\t\t\t\t<span class=\"elementor-button-content-wrapper\">\n\t\t\t\t\t\t\t\t\t<span class=\"elementor-button-text\">Produkt anzeigen<\/span>\n\t\t\t\t\t<\/span>\n\t\t\t\t\t<\/a>\n\t\t\t\t<\/div>\n\t\t\t\t\t\t\t\t<\/div>\n\t\t\t\t<\/div>\n\t\t\t\t<div class=\"elementor-element elementor-element-eef0391 elementor-widget elementor-widget-button\" data-id=\"eef0391\" data-element_type=\"widget\" data-e-type=\"widget\" data-widget_type=\"button.default\">\n\t\t\t\t<div class=\"elementor-widget-container\">\n\t\t\t\t\t\t\t\t\t<div class=\"elementor-button-wrapper\">\n\t\t\t\t\t<a class=\"elementor-button elementor-button-link elementor-size-sm\" href=\"https:\/\/flexim.eu\/de\/haendler\/\">\n\t\t\t\t\t\t<span class=\"elementor-button-content-wrapper\">\n\t\t\t\t\t\t<span class=\"elementor-button-icon\">\n\t\t\t\t<i aria-hidden=\"true\" class=\"icon icon-locatie\"><\/i>\t\t\t<\/span>\n\t\t\t\t\t\t\t\t\t<span class=\"elementor-button-text\">An H\u00e4ndler<\/span>\n\t\t\t\t\t<\/span>\n\t\t\t\t\t<\/a>\n\t\t\t\t<\/div>\n\t\t\t\t\t\t\t\t<\/div>\n\t\t\t\t<\/div>\n\t\t\t\t<\/div>\n\t\t<div class=\"elementor-element elementor-element-9f22f85 e-con-full e-flex e-con e-parent\" data-id=\"9f22f85\" data-element_type=\"container\" data-e-type=\"container\" data-settings=\"{&quot;background_background&quot;:&quot;classic&quot;}\">\n\t\t\t\t<div class=\"elementor-element elementor-element-783d381 elementor-widget elementor-widget-image\" data-id=\"783d381\" data-element_type=\"widget\" data-e-type=\"widget\" data-widget_type=\"image.default\">\n\t\t\t\t<div class=\"elementor-widget-container\">\n\t\t\t\t\t\t\t\t\t\t\t\t\t\t\t<img loading=\"lazy\" decoding=\"async\" width=\"571\" height=\"600\" src=\"https:\/\/flexim.eu\/wp-content\/uploads\/2023\/03\/Kleinverpakking-Zwart-1-600x630-1.jpg\" class=\"attachment-large size-large wp-image-10525\" alt=\"Flexim Dachm\u00f6rtel Kleinverpackung\" srcset=\"https:\/\/flexim.eu\/wp-content\/uploads\/2023\/03\/Kleinverpakking-Zwart-1-600x630-1.jpg 571w, https:\/\/flexim.eu\/wp-content\/uploads\/2023\/03\/Kleinverpakking-Zwart-1-600x630-1-286x300.jpg 286w\" sizes=\"(max-width: 571px) 100vw, 571px\" \/>\t\t\t\t\t\t\t\t\t\t\t\t\t\t\t<\/div>\n\t\t\t\t<\/div>\n\t\t\t\t<div class=\"elementor-element elementor-element-c2a0164 elementor-widget elementor-widget-image\" data-id=\"c2a0164\" data-element_type=\"widget\" data-e-type=\"widget\" data-widget_type=\"image.default\">\n\t\t\t\t<div class=\"elementor-widget-container\">\n\t\t\t\t\t\t\t\t\t\t\t\t\t\t\t<img decoding=\"async\" width=\"401\" height=\"53\" src=\"https:\/\/flexim.eu\/wp-content\/uploads\/2023\/04\/kleuren.jpg\" class=\"attachment-large size-large wp-image-11521\" alt=\"\" srcset=\"https:\/\/flexim.eu\/wp-content\/uploads\/2023\/04\/kleuren.jpg 401w, https:\/\/flexim.eu\/wp-content\/uploads\/2023\/04\/kleuren-300x40.jpg 300w\" sizes=\"(max-width: 401px) 100vw, 401px\" \/>\t\t\t\t\t\t\t\t\t\t\t\t\t\t\t<\/div>\n\t\t\t\t<\/div>\n\t\t\t\t<div class=\"elementor-element elementor-element-999f5c4 elementor-widget elementor-widget-heading\" data-id=\"999f5c4\" data-element_type=\"widget\" data-e-type=\"widget\" data-widget_type=\"heading.default\">\n\t\t\t\t<div class=\"elementor-widget-container\">\n\t\t\t\t\t<h2 class=\"elementor-heading-title elementor-size-default\">Flexim Kleinverpackung<\/h2>\t\t\t\t<\/div>\n\t\t\t\t<\/div>\n\t\t\t\t<div class=\"elementor-element elementor-element-ad586be elementor-widget elementor-widget-text-editor\" data-id=\"ad586be\" data-element_type=\"widget\" data-e-type=\"widget\" data-widget_type=\"text-editor.default\">\n\t\t\t\t<div class=\"elementor-widget-container\">\n\t\t\t\t\t\t\t\t\t<p><strong>Kleine Wartungsarbeiten? Dies ist die perfekte DIY-Verpackung!<\/strong><\/p>\n<p>Reparieren Sie schnell und einfach kleine Risse in Firsten, Dachziegeln oder in der Dachkehl und verhindern Sie ein Auslaufen!<\/p>\n<p>Mit dieser 5er-Packung k\u00f6nnen Sie ganz einfach und schnell 3 bis 5 Meter Firsten auf beiden Seiten befestigen.<\/p>\n<p><strong>Inhalt:<\/strong><\/p>\n<ul>\n<li>5 Streifen Flexim Dachm\u00f6rtel<\/li>\n<li>Verarbeitungshinweise<\/li>\n<li>4 Latexhandschuhe<\/li>\n<\/ul>\n<p><strong><br \/>Haltbarkeit:<\/strong> 2 Jahre<\/p>\n\t\t\t\t\t\t\t\t<\/div>\n\t\t\t\t<\/div>\n\t\t\t\t<div class=\"elementor-element elementor-element-a6313b2 elementor-widget elementor-widget-button\" data-id=\"a6313b2\" data-element_type=\"widget\" data-e-type=\"widget\" data-widget_type=\"button.default\">\n\t\t\t\t<div class=\"elementor-widget-container\">\n\t\t\t\t\t\t\t\t\t<div class=\"elementor-button-wrapper\">\n\t\t\t\t\t<a class=\"elementor-button elementor-button-link elementor-size-sm\" href=\"https:\/\/flexim.eu\/de\/product\/flexim-kleinpackung\/\">\n\t\t\t\t\t\t<span class=\"elementor-button-content-wrapper\">\n\t\t\t\t\t\t\t\t\t<span class=\"elementor-button-text\">Produkt anzeigen<\/span>\n\t\t\t\t\t<\/span>\n\t\t\t\t\t<\/a>\n\t\t\t\t<\/div>\n\t\t\t\t\t\t\t\t<\/div>\n\t\t\t\t<\/div>\n\t\t\t\t<div class=\"elementor-element elementor-element-dc6c3da elementor-widget elementor-widget-button\" data-id=\"dc6c3da\" data-element_type=\"widget\" data-e-type=\"widget\" data-widget_type=\"button.default\">\n\t\t\t\t<div class=\"elementor-widget-container\">\n\t\t\t\t\t\t\t\t\t<div class=\"elementor-button-wrapper\">\n\t\t\t\t\t<a class=\"elementor-button elementor-button-link elementor-size-sm\" href=\"https:\/\/flexim.eu\/de\/haendler\/\">\n\t\t\t\t\t\t<span class=\"elementor-button-content-wrapper\">\n\t\t\t\t\t\t<span class=\"elementor-button-icon\">\n\t\t\t\t<i aria-hidden=\"true\" class=\"icon icon-locatie\"><\/i>\t\t\t<\/span>\n\t\t\t\t\t\t\t\t\t<span class=\"elementor-button-text\">An H\u00e4ndler<\/span>\n\t\t\t\t\t<\/span>\n\t\t\t\t\t<\/a>\n\t\t\t\t<\/div>\n\t\t\t\t\t\t\t\t<\/div>\n\t\t\t\t<\/div>\n\t\t\t\t<\/div>\n\t\t<div class=\"elementor-element elementor-element-3b7ea68 e-con-full e-flex e-con e-parent\" data-id=\"3b7ea68\" data-element_type=\"container\" data-e-type=\"container\" data-settings=\"{&quot;background_background&quot;:&quot;classic&quot;}\">\n\t\t\t\t<div class=\"elementor-element elementor-element-5313e36 elementor-widget elementor-widget-image\" data-id=\"5313e36\" data-element_type=\"widget\" data-e-type=\"widget\" data-widget_type=\"image.default\">\n\t\t\t\t<div class=\"elementor-widget-container\">\n\t\t\t\t\t\t\t\t\t\t\t\t\t\t\t<img loading=\"lazy\" decoding=\"async\" width=\"375\" height=\"400\" src=\"https:\/\/flexim.eu\/wp-content\/uploads\/2023\/03\/Flexim-ReFix-3-02-375x400-1.png\" class=\"attachment-large size-large wp-image-10385\" alt=\"\" srcset=\"https:\/\/flexim.eu\/wp-content\/uploads\/2023\/03\/Flexim-ReFix-3-02-375x400-1.png 375w, https:\/\/flexim.eu\/wp-content\/uploads\/2023\/03\/Flexim-ReFix-3-02-375x400-1-281x300.png 281w\" sizes=\"(max-width: 375px) 100vw, 375px\" \/>\t\t\t\t\t\t\t\t\t\t\t\t\t\t\t<\/div>\n\t\t\t\t<\/div>\n\t\t\t\t<div class=\"elementor-element elementor-element-d436697 elementor-widget elementor-widget-image\" data-id=\"d436697\" data-element_type=\"widget\" data-e-type=\"widget\" data-widget_type=\"image.default\">\n\t\t\t\t<div class=\"elementor-widget-container\">\n\t\t\t\t\t\t\t\t\t\t\t\t\t\t\t<img loading=\"lazy\" decoding=\"async\" width=\"110\" height=\"50\" src=\"https:\/\/flexim.eu\/wp-content\/uploads\/2023\/04\/zwart-grijs.jpg\" class=\"attachment-large size-large wp-image-11529\" alt=\"\" \/>\t\t\t\t\t\t\t\t\t\t\t\t\t\t\t<\/div>\n\t\t\t\t<\/div>\n\t\t\t\t<div class=\"elementor-element elementor-element-99197a3 elementor-widget elementor-widget-heading\" data-id=\"99197a3\" data-element_type=\"widget\" data-e-type=\"widget\" data-widget_type=\"heading.default\">\n\t\t\t\t<div class=\"elementor-widget-container\">\n\t\t\t\t\t<h2 class=\"elementor-heading-title elementor-size-default\">Re-fix Reparaturpaste<\/h2>\t\t\t\t<\/div>\n\t\t\t\t<\/div>\n\t\t\t\t<div class=\"elementor-element elementor-element-2bca8cc elementor-widget elementor-widget-text-editor\" data-id=\"2bca8cc\" data-element_type=\"widget\" data-e-type=\"widget\" data-widget_type=\"text-editor.default\">\n\t\t\t\t<div class=\"elementor-widget-container\">\n\t\t\t\t\t\t\t\t\t<p><strong>Die vielseitige Flexim-Reparaturpaste, aber in der Tube!<\/strong><\/p>\n<p>Kleine Risse auf dem Dach k\u00f6nnen leicht Leckageprobleme verursachen.<\/p>\n<p>Besonders zwischen der alten Zementschicht entstehen mit der Zeit Risse, die gef\u00fcllt werden m\u00fcssen. Dies geht schnell mit Flexim Re-Fix, einer Paste, die einfach zu spr\u00fchen ist und Risse innerhalb von Minuten schlie\u00dft, um ein Auslaufen zu verhindern und das Dach zu verbessern!<\/p>\n<p>So k\u00f6nnen Sie gr\u00f6\u00dfere Wartungsarbeiten l\u00e4nger aufschieben und somit die Lebensdauer des Daches verl\u00e4ngern! <\/p>\n\t\t\t\t\t\t\t\t<\/div>\n\t\t\t\t<\/div>\n\t\t\t\t<div class=\"elementor-element elementor-element-bc55101 elementor-widget elementor-widget-button\" data-id=\"bc55101\" data-element_type=\"widget\" data-e-type=\"widget\" data-widget_type=\"button.default\">\n\t\t\t\t<div class=\"elementor-widget-container\">\n\t\t\t\t\t\t\t\t\t<div class=\"elementor-button-wrapper\">\n\t\t\t\t\t<a class=\"elementor-button elementor-button-link elementor-size-sm\" href=\"https:\/\/flexim.eu\/de\/product\/reparaturpaste-neu-fixieren\/\">\n\t\t\t\t\t\t<span class=\"elementor-button-content-wrapper\">\n\t\t\t\t\t\t\t\t\t<span class=\"elementor-button-text\">Produkt anzeigen<\/span>\n\t\t\t\t\t<\/span>\n\t\t\t\t\t<\/a>\n\t\t\t\t<\/div>\n\t\t\t\t\t\t\t\t<\/div>\n\t\t\t\t<\/div>\n\t\t\t\t<div class=\"elementor-element elementor-element-52e83f8 elementor-widget elementor-widget-button\" data-id=\"52e83f8\" data-element_type=\"widget\" data-e-type=\"widget\" data-widget_type=\"button.default\">\n\t\t\t\t<div class=\"elementor-widget-container\">\n\t\t\t\t\t\t\t\t\t<div class=\"elementor-button-wrapper\">\n\t\t\t\t\t<a class=\"elementor-button elementor-button-link elementor-size-sm\" href=\"https:\/\/flexim.eu\/de\/haendler\/\">\n\t\t\t\t\t\t<span class=\"elementor-button-content-wrapper\">\n\t\t\t\t\t\t<span class=\"elementor-button-icon\">\n\t\t\t\t<i aria-hidden=\"true\" class=\"icon icon-locatie\"><\/i>\t\t\t<\/span>\n\t\t\t\t\t\t\t\t\t<span class=\"elementor-button-text\">An H\u00e4ndler<\/span>\n\t\t\t\t\t<\/span>\n\t\t\t\t\t<\/a>\n\t\t\t\t<\/div>\n\t\t\t\t\t\t\t\t<\/div>\n\t\t\t\t<\/div>\n\t\t\t\t<\/div>\n\t\t\t\t\t<\/div>\n\t\t\t\t<\/div>\n\t\t<div class=\"elementor-element elementor-element-fe9116b e-flex e-con-boxed e-con e-parent\" data-id=\"fe9116b\" data-element_type=\"container\" data-e-type=\"container\" data-settings=\"{&quot;background_background&quot;:&quot;gradient&quot;}\">\n\t\t\t\t\t<div class=\"e-con-inner\">\n\t\t<div class=\"elementor-element elementor-element-5b599fb e-con-full e-flex e-con e-parent\" data-id=\"5b599fb\" data-element_type=\"container\" data-e-type=\"container\" data-settings=\"{&quot;background_background&quot;:&quot;classic&quot;}\">\n\t\t\t\t<div class=\"elementor-element elementor-element-470c85c elementor-invisible elementor-widget elementor-widget-image\" data-id=\"470c85c\" data-element_type=\"widget\" data-e-type=\"widget\" data-settings=\"{&quot;_animation&quot;:&quot;BlubfadeInLeft&quot;}\" data-widget_type=\"image.default\">\n\t\t\t\t<div class=\"elementor-widget-container\">\n\t\t\t\t\t\t\t\t\t\t\t\t\t\t\t<img loading=\"lazy\" decoding=\"async\" width=\"395\" height=\"303\" src=\"https:\/\/flexim.eu\/wp-content\/uploads\/2023\/03\/Flexim-Verpakking-Zwart-min.png\" class=\"attachment-large size-large wp-image-9937\" alt=\"contact\" srcset=\"https:\/\/flexim.eu\/wp-content\/uploads\/2023\/03\/Flexim-Verpakking-Zwart-min.png 395w, https:\/\/flexim.eu\/wp-content\/uploads\/2023\/03\/Flexim-Verpakking-Zwart-min-300x230.png 300w\" sizes=\"(max-width: 395px) 100vw, 395px\" \/>\t\t\t\t\t\t\t\t\t\t\t\t\t\t\t<\/div>\n\t\t\t\t<\/div>\n\t\t\t\t<\/div>\n\t\t<div class=\"elementor-element elementor-element-5b3cac8 e-con-full e-flex e-con e-parent\" data-id=\"5b3cac8\" data-element_type=\"container\" data-e-type=\"container\" data-settings=\"{&quot;background_background&quot;:&quot;classic&quot;}\">\n\t\t\t\t<div class=\"elementor-element elementor-element-bd2a454 elementor-widget elementor-widget-heading\" data-id=\"bd2a454\" data-element_type=\"widget\" data-e-type=\"widget\" data-widget_type=\"heading.default\">\n\t\t\t\t<div class=\"elementor-widget-container\">\n\t\t\t\t\t<h2 class=\"elementor-heading-title elementor-size-default\">Verbrauchsrechner<\/h2>\t\t\t\t<\/div>\n\t\t\t\t<\/div>\n\t\t\t\t<div class=\"elementor-element elementor-element-bdaaf2b elementor-widget elementor-widget-text-editor\" data-id=\"bdaaf2b\" data-element_type=\"widget\" data-e-type=\"widget\" data-widget_type=\"text-editor.default\">\n\t\t\t\t<div class=\"elementor-widget-container\">\n\t\t\t\t\t\t\t\t\t<p>M\u00f6chten Sie genau wissen, wie viel Flexim f\u00fcr das Projekt ben\u00f6tigt wird? Nutzen Sie den Verbrauchsrechner!<\/p>\n\t\t\t\t\t\t\t\t<\/div>\n\t\t\t\t<\/div>\n\t\t\t\t<div class=\"elementor-element elementor-element-1df3c1e elementor-widget elementor-widget-button\" data-id=\"1df3c1e\" data-element_type=\"widget\" data-e-type=\"widget\" data-widget_type=\"button.default\">\n\t\t\t\t<div class=\"elementor-widget-container\">\n\t\t\t\t\t\t\t\t\t<div class=\"elementor-button-wrapper\">\n\t\t\t\t\t<a class=\"elementor-button elementor-button-link elementor-size-sm\" href=\"https:\/\/flexim.eu\/de\/verbrauchsrechner\/\">\n\t\t\t\t\t\t<span class=\"elementor-button-content-wrapper\">\n\t\t\t\t\t\t\t\t\t<span class=\"elementor-button-text\">\u00d6ffnen Sie den Taschenrechner<\/span>\n\t\t\t\t\t<\/span>\n\t\t\t\t\t<\/a>\n\t\t\t\t<\/div>\n\t\t\t\t\t\t\t\t<\/div>\n\t\t\t\t<\/div>\n\t\t\t\t<\/div>\n\t\t\t\t\t<\/div>\n\t\t\t\t<\/div>\n\t\t\t\t<\/div>\n\t\t","protected":false},"excerpt":{"rendered":"<p>Flexim International BV Was ist Flexim Flexim ist ein Fix und fertig Dachm\u00f6rtel. Seit 1985 wird das Produkt im Reparatur-, Renovierungs- und Neubaumarkt zur Befestigung von Firsten und Dachziegeln eingesetzt. Produkte ansehen Das Produkt Flexim basiert auf nat\u00fcrlichen Inhaltsstoffen. Der Hauptbestandteil besteht aus pflanzlichem Lein\u00f6l. Das Produkt ist f\u00fcr jeden Job verantwortlich. Da das Produkt [&hellip;]<\/p>\n","protected":false},"author":1,"featured_media":0,"parent":0,"menu_order":0,"comment_status":"closed","ping_status":"closed","template":"elementor_header_footer","meta":{"footnotes":""},"class_list":["post-10944","page","type-page","status-publish","hentry"],"_links":{"self":[{"href":"https:\/\/flexim.eu\/de\/wp-json\/wp\/v2\/pages\/10944","targetHints":{"allow":["GET"]}}],"collection":[{"href":"https:\/\/flexim.eu\/de\/wp-json\/wp\/v2\/pages"}],"about":[{"href":"https:\/\/flexim.eu\/de\/wp-json\/wp\/v2\/types\/page"}],"author":[{"embeddable":true,"href":"https:\/\/flexim.eu\/de\/wp-json\/wp\/v2\/users\/1"}],"replies":[{"embeddable":true,"href":"https:\/\/flexim.eu\/de\/wp-json\/wp\/v2\/comments?post=10944"}],"version-history":[{"count":0,"href":"https:\/\/flexim.eu\/de\/wp-json\/wp\/v2\/pages\/10944\/revisions"}],"wp:attachment":[{"href":"https:\/\/flexim.eu\/de\/wp-json\/wp\/v2\/media?parent=10944"}],"curies":[{"name":"wp","href":"https:\/\/api.w.org\/{rel}","templated":true}]}}