{"id":10950,"date":"2023-03-09T16:54:22","date_gmt":"2023-03-09T15:54:22","guid":{"rendered":"https:\/\/flexim.eu\/que-es-flexi\/"},"modified":"2023-06-27T14:52:27","modified_gmt":"2023-06-27T12:52:27","slug":"que-es-flexim","status":"publish","type":"page","link":"https:\/\/flexim.eu\/es\/que-es-flexim\/","title":{"rendered":"\u00bfQu\u00e9 es Flexim?"},"content":{"rendered":"\t\t<div data-elementor-type=\"wp-page\" data-elementor-id=\"10950\" class=\"elementor elementor-10950 elementor-73\" data-elementor-post-type=\"page\">\n\t\t\t\t<div class=\"elementor-element elementor-element-aadb699 e-con-full e-flex e-con e-parent\" data-id=\"aadb699\" data-element_type=\"container\" data-e-type=\"container\" data-settings=\"{&quot;background_background&quot;:&quot;gradient&quot;}\">\n\t\t<div class=\"elementor-element elementor-element-a833782 e-con-full e-flex e-con e-parent\" data-id=\"a833782\" data-element_type=\"container\" data-e-type=\"container\" data-settings=\"{&quot;background_background&quot;:&quot;classic&quot;}\">\n\t\t\t\t<div class=\"elementor-element elementor-element-8a09e0b elementor-invisible elementor-widget elementor-widget-heading\" data-id=\"8a09e0b\" data-element_type=\"widget\" data-e-type=\"widget\" data-settings=\"{&quot;_animation&quot;:&quot;BlubfadeInRight&quot;}\" data-widget_type=\"heading.default\">\n\t\t\t\t<div class=\"elementor-widget-container\">\n\t\t\t\t\t<span class=\"elementor-heading-title elementor-size-default\">Flexim internacional BV<\/span>\t\t\t\t<\/div>\n\t\t\t\t<\/div>\n\t\t\t\t<div class=\"elementor-element elementor-element-38be330 elementor-invisible elementor-widget elementor-widget-heading\" data-id=\"38be330\" data-element_type=\"widget\" data-e-type=\"widget\" data-settings=\"{&quot;_animation&quot;:&quot;BlubfadeInRight&quot;}\" data-widget_type=\"heading.default\">\n\t\t\t\t<div class=\"elementor-widget-container\">\n\t\t\t\t\t<h1 class=\"elementor-heading-title elementor-size-default\">\u00bfQu\u00e9 es Flexim?<\/h1>\t\t\t\t<\/div>\n\t\t\t\t<\/div>\n\t\t\t\t<div class=\"elementor-element elementor-element-4aa2d67 elementor-invisible elementor-widget elementor-widget-text-editor\" data-id=\"4aa2d67\" data-element_type=\"widget\" data-e-type=\"widget\" data-settings=\"{&quot;_animation&quot;:&quot;BlubfadeInRight&quot;}\" data-widget_type=\"text-editor.default\">\n\t\t\t\t<div class=\"elementor-widget-container\">\n\t\t\t\t\t\t\t\t\t<p>Flexim es un mortero para tejados listo para usar. Desde 1985, este producto se ha utilizado en el mercado de la reparaci\u00f3n, renovaci\u00f3n y construcci\u00f3n nueva para fijar cumbreras y tejas.<\/p>\n\t\t\t\t\t\t\t\t<\/div>\n\t\t\t\t<\/div>\n\t\t\t\t<div class=\"elementor-element elementor-element-3def2de elementor-invisible elementor-widget elementor-widget-button\" data-id=\"3def2de\" data-element_type=\"widget\" data-e-type=\"widget\" data-settings=\"{&quot;_animation&quot;:&quot;fadeIn&quot;,&quot;_animation_delay&quot;:400}\" data-widget_type=\"button.default\">\n\t\t\t\t<div class=\"elementor-widget-container\">\n\t\t\t\t\t\t\t\t\t<div class=\"elementor-button-wrapper\">\n\t\t\t\t\t<a class=\"elementor-button elementor-button-link elementor-size-sm\" href=\"https:\/\/flexim.eu\/winkel\/\">\n\t\t\t\t\t\t<span class=\"elementor-button-content-wrapper\">\n\t\t\t\t\t\t\t\t\t<span class=\"elementor-button-text\">Ver productos<\/span>\n\t\t\t\t\t<\/span>\n\t\t\t\t\t<\/a>\n\t\t\t\t<\/div>\n\t\t\t\t\t\t\t\t<\/div>\n\t\t\t\t<\/div>\n\t\t\t\t<\/div>\n\t\t<div class=\"elementor-element elementor-element-743384e e-con-full e-flex e-con e-parent\" data-id=\"743384e\" data-element_type=\"container\" data-e-type=\"container\" data-settings=\"{&quot;background_background&quot;:&quot;classic&quot;}\">\n\t\t\t\t<div class=\"elementor-element elementor-element-86504ab elementor-widget elementor-widget-spacer\" data-id=\"86504ab\" data-element_type=\"widget\" data-e-type=\"widget\" data-widget_type=\"spacer.default\">\n\t\t\t\t<div class=\"elementor-widget-container\">\n\t\t\t\t\t\t\t<div class=\"elementor-spacer\">\n\t\t\t<div class=\"elementor-spacer-inner\"><\/div>\n\t\t<\/div>\n\t\t\t\t\t\t<\/div>\n\t\t\t\t<\/div>\n\t\t\t\t<\/div>\n\t\t\t\t<\/div>\n\t\t<div class=\"elementor-element elementor-element-abd4d30 e-flex e-con-boxed e-con e-parent\" data-id=\"abd4d30\" data-element_type=\"container\" data-e-type=\"container\" data-settings=\"{&quot;background_background&quot;:&quot;classic&quot;}\">\n\t\t\t\t\t<div class=\"e-con-inner\">\n\t\t<div class=\"elementor-element elementor-element-cafbf89 e-con-full e-flex e-con e-parent\" data-id=\"cafbf89\" data-element_type=\"container\" data-e-type=\"container\">\n\t\t\t\t<div class=\"elementor-element elementor-element-3564028 elementor-invisible elementor-widget elementor-widget-image\" data-id=\"3564028\" data-element_type=\"widget\" data-e-type=\"widget\" data-settings=\"{&quot;_animation&quot;:&quot;BlubfadeInUp&quot;}\" data-widget_type=\"image.default\">\n\t\t\t\t<div class=\"elementor-widget-container\">\n\t\t\t\t\t\t\t\t\t\t\t\t\t\t\t<img fetchpriority=\"high\" decoding=\"async\" width=\"800\" height=\"600\" src=\"https:\/\/flexim.eu\/wp-content\/uploads\/2023\/03\/Flexim-Verpakkingen-Combinatie-1-min.png\" class=\"attachment-large size-large wp-image-9961\" alt=\"dealers\" srcset=\"https:\/\/flexim.eu\/wp-content\/uploads\/2023\/03\/Flexim-Verpakkingen-Combinatie-1-min.png 800w, https:\/\/flexim.eu\/wp-content\/uploads\/2023\/03\/Flexim-Verpakkingen-Combinatie-1-min-600x450.png 600w, https:\/\/flexim.eu\/wp-content\/uploads\/2023\/03\/Flexim-Verpakkingen-Combinatie-1-min-300x225.png 300w, https:\/\/flexim.eu\/wp-content\/uploads\/2023\/03\/Flexim-Verpakkingen-Combinatie-1-min-768x576.png 768w\" sizes=\"(max-width: 800px) 100vw, 800px\" \/>\t\t\t\t\t\t\t\t\t\t\t\t\t\t\t<\/div>\n\t\t\t\t<\/div>\n\t\t\t\t<\/div>\n\t\t<div class=\"elementor-element elementor-element-2cb8466 e-con-full e-flex e-con e-parent\" data-id=\"2cb8466\" data-element_type=\"container\" data-e-type=\"container\">\n\t\t\t\t<div class=\"elementor-element elementor-element-468007c elementor-widget elementor-widget-heading\" data-id=\"468007c\" data-element_type=\"widget\" data-e-type=\"widget\" data-widget_type=\"heading.default\">\n\t\t\t\t<div class=\"elementor-widget-container\">\n\t\t\t\t\t<h2 class=\"elementor-heading-title elementor-size-default\">El producto<\/h2>\t\t\t\t<\/div>\n\t\t\t\t<\/div>\n\t\t\t\t<div class=\"elementor-element elementor-element-e3f0c69 elementor-widget elementor-widget-text-editor\" data-id=\"e3f0c69\" data-element_type=\"widget\" data-e-type=\"widget\" data-widget_type=\"text-editor.default\">\n\t\t\t\t<div class=\"elementor-widget-container\">\n\t\t\t\t\t\t\t\t\t<p>Flexim se basa en ingredientes naturales. El ingrediente principal consiste en aceite vegetal de linaza. El producto es responsable de cada trabajo. Debido a que el producto Flexim est\u00e1 empacado en tiras livianas y listas para usar, cada trabajo se realiza f\u00e1cilmente. Flexim viene en 5 o 10 tiras.<\/p>\n\t\t\t\t\t\t\t\t<\/div>\n\t\t\t\t<\/div>\n\t\t\t\t<\/div>\n\t\t\t\t\t<\/div>\n\t\t\t\t<\/div>\n\t\t<div class=\"elementor-element elementor-element-e3853e7 e-flex e-con-boxed e-con e-parent\" data-id=\"e3853e7\" data-element_type=\"container\" data-e-type=\"container\" data-settings=\"{&quot;background_background&quot;:&quot;classic&quot;}\">\n\t\t\t\t\t<div class=\"e-con-inner\">\n\t\t<div class=\"elementor-element elementor-element-e3a59e2 e-con-full e-flex e-con e-parent\" data-id=\"e3a59e2\" data-element_type=\"container\" data-e-type=\"container\" data-settings=\"{&quot;background_background&quot;:&quot;classic&quot;}\">\n\t\t\t\t<div class=\"elementor-element elementor-element-6c3be3b elementor-widget elementor-widget-heading\" data-id=\"6c3be3b\" data-element_type=\"widget\" data-e-type=\"widget\" data-widget_type=\"heading.default\">\n\t\t\t\t<div class=\"elementor-widget-container\">\n\t\t\t\t\t<h2 class=\"elementor-heading-title elementor-size-default\">El uso<\/h2>\t\t\t\t<\/div>\n\t\t\t\t<\/div>\n\t\t\t\t<div class=\"elementor-element elementor-element-60f241d elementor-widget elementor-widget-text-editor\" data-id=\"60f241d\" data-element_type=\"widget\" data-e-type=\"widget\" data-widget_type=\"text-editor.default\">\n\t\t\t\t<div class=\"elementor-widget-container\">\n\t\t\t\t\t\t\t\t\t<p>Flexim es un producto vers\u00e1til y multifuncional que se utiliza en todo tipo de aplicaciones, desde la reparaci\u00f3n y renovaci\u00f3n de tejados hasta la nueva construcci\u00f3n de tejados. Especialmente en la fijaci\u00f3n de cumbreras en la cumbrera y limatesa, Flexim es ideal. \u00bfQuiere usar Flexim para otros proyectos? Se puede aplicar a:<\/p>\n\t\t\t\t\t\t\t\t<\/div>\n\t\t\t\t<\/div>\n\t\t\t\t<\/div>\n\t\t<div class=\"elementor-element elementor-element-3965bd7 e-con-full e-flex e-con e-parent\" data-id=\"3965bd7\" data-element_type=\"container\" data-e-type=\"container\" data-settings=\"{&quot;background_background&quot;:&quot;classic&quot;}\">\n\t\t\t\t<div class=\"elementor-element elementor-element-64842ea elementor-icon-list--layout-traditional elementor-list-item-link-full_width elementor-widget elementor-widget-icon-list\" data-id=\"64842ea\" data-element_type=\"widget\" data-e-type=\"widget\" data-widget_type=\"icon-list.default\">\n\t\t\t\t<div class=\"elementor-widget-container\">\n\t\t\t\t\t\t\t<ul class=\"elementor-icon-list-items\">\n\t\t\t\t\t\t\t<li class=\"elementor-icon-list-item\">\n\t\t\t\t\t\t\t\t\t\t\t<span class=\"elementor-icon-list-icon\">\n\t\t\t\t\t\t\t<i aria-hidden=\"true\" class=\"icon icon-bold-chevron-right\"><\/i>\t\t\t\t\t\t<\/span>\n\t\t\t\t\t\t\t\t\t\t<span class=\"elementor-icon-list-text\">Asegurar y soportar las tejas en <b>la limahoya<\/b> (soluci\u00f3n estanca al aire y al agua)<\/span>\n\t\t\t\t\t\t\t\t\t<\/li>\n\t\t\t\t\t\t\t\t<li class=\"elementor-icon-list-item\">\n\t\t\t\t\t\t\t\t\t\t\t<span class=\"elementor-icon-list-icon\">\n\t\t\t\t\t\t\t<i aria-hidden=\"true\" class=\"icon icon-bold-chevron-right\"><\/i>\t\t\t\t\t\t<\/span>\n\t\t\t\t\t\t\t\t\t\t<span class=\"elementor-icon-list-text\">Asegurar y soportar tejas a lo largo <b>de ventanas de tejado<\/b> (soluci\u00f3n estanca al aire y al agua)<\/span>\n\t\t\t\t\t\t\t\t\t<\/li>\n\t\t\t\t\t\t\t\t<li class=\"elementor-icon-list-item\">\n\t\t\t\t\t\t\t\t\t\t\t<span class=\"elementor-icon-list-icon\">\n\t\t\t\t\t\t\t<i aria-hidden=\"true\" class=\"icon icon-bold-chevron-right\"><\/i>\t\t\t\t\t\t<\/span>\n\t\t\t\t\t\t\t\t\t\t<span class=\"elementor-icon-list-text\">Conexi\u00f3n entre la teja de cumbrera y <b>la chimenea<\/b> (relleno de agujeros y juntas)<\/span>\n\t\t\t\t\t\t\t\t\t<\/li>\n\t\t\t\t\t\t\t\t<li class=\"elementor-icon-list-item\">\n\t\t\t\t\t\t\t\t\t\t\t<span class=\"elementor-icon-list-icon\">\n\t\t\t\t\t\t\t<i aria-hidden=\"true\" class=\"icon icon-bold-chevron-right\"><\/i>\t\t\t\t\t\t<\/span>\n\t\t\t\t\t\t\t\t\t\t<span class=\"elementor-icon-list-text\">Sellado de las grietas en <b>el vierteaguas<\/b> (evitando que el vierteaguas se suelte)<\/span>\n\t\t\t\t\t\t\t\t\t<\/li>\n\t\t\t\t\t\t\t\t<li class=\"elementor-icon-list-item\">\n\t\t\t\t\t\t\t\t\t\t\t<span class=\"elementor-icon-list-icon\">\n\t\t\t\t\t\t\t<i aria-hidden=\"true\" class=\"icon icon-bold-chevron-right\"><\/i>\t\t\t\t\t\t<\/span>\n\t\t\t\t\t\t\t\t\t\t<span class=\"elementor-icon-list-text\">Llenado de los huecos\/juntas entre secciones de <b>tejados ondulados<\/b> (evitando corrientes de aire)<\/span>\n\t\t\t\t\t\t\t\t\t<\/li>\n\t\t\t\t\t\t<\/ul>\n\t\t\t\t\t\t<\/div>\n\t\t\t\t<\/div>\n\t\t\t\t<\/div>\n\t\t\t\t\t<\/div>\n\t\t\t\t<\/div>\n\t\t<div class=\"elementor-element elementor-element-f6e0cde e-flex e-con-boxed e-con e-parent\" data-id=\"f6e0cde\" data-element_type=\"container\" data-e-type=\"container\" data-settings=\"{&quot;background_background&quot;:&quot;classic&quot;}\">\n\t\t\t\t\t<div class=\"e-con-inner\">\n\t\t<div class=\"elementor-element elementor-element-3d9adde e-con-full e-flex e-con e-parent\" data-id=\"3d9adde\" data-element_type=\"container\" data-e-type=\"container\">\n\t\t\t\t<div class=\"elementor-element elementor-element-8d253b5 elementor-widget__width-inherit elementor-widget elementor-widget-heading\" data-id=\"8d253b5\" data-element_type=\"widget\" data-e-type=\"widget\" data-widget_type=\"heading.default\">\n\t\t\t\t<div class=\"elementor-widget-container\">\n\t\t\t\t\t<h2 class=\"elementor-heading-title elementor-size-default\">Soluci\u00f3n para la gotera de su tejados<\/h2>\t\t\t\t<\/div>\n\t\t\t\t<\/div>\n\t\t\t\t<div class=\"elementor-element elementor-element-f098128 elementor-widget elementor-widget-text-editor\" data-id=\"f098128\" data-element_type=\"widget\" data-e-type=\"widget\" data-widget_type=\"text-editor.default\">\n\t\t\t\t<div class=\"elementor-widget-container\">\n\t\t\t\t\t\t\t\t\t<p>\u00bfBusca una soluci\u00f3n para goteras en el tejados? \u00a1El mortero para tejados Flexim puede ser la soluci\u00f3n que est\u00e1 buscando! Con su f\u00f3rmula \u00fanica, el mortero para tejados Flexim ofrece una soluci\u00f3n duradera y confiable para sellar grietas y costuras en su tejado, evitando filtraciones.<\/p>\n<p>El mortero para tejados Flexim es un producto innovador especialmente dise\u00f1ado para reparar goteras en tejados de forma r\u00e1pida y sencilla. Est\u00e1 hecho de materiales de alta calidad y puede soportar todas las condiciones clim\u00e1ticas. Adem\u00e1s, el mortero para tejados Flexim es muy flexible, por lo que se adapta f\u00e1cilmente a la forma de su tejado y puede absorber cualquier movimiento.<\/p>\n<p>Otra ventaja del mortero para tejados Flexim es que es muy f\u00e1cil de aplicar. Simplemente puede aplicarlo a mano, sin necesidad de herramientas especiales. Esto lo convierte en una soluci\u00f3n ideal para los aficionados al bricolaje que desean reparar su tejado ellos mismos.<\/p>\n<p>Puede rellenar la capa de cemento agrietado con pasta Flexim Re-Fix, as\u00ed como con las tiras Flexim est\u00e1ndar.<\/p>\n\t\t\t\t\t\t\t\t<\/div>\n\t\t\t\t<\/div>\n\t\t\t\t<\/div>\n\t\t<div class=\"elementor-element elementor-element-9ae049b e-con-full e-flex e-con e-parent\" data-id=\"9ae049b\" data-element_type=\"container\" data-e-type=\"container\">\n\t\t\t\t<div class=\"elementor-element elementor-element-f8820c6 elementor-widget elementor-widget-spacer\" data-id=\"f8820c6\" data-element_type=\"widget\" data-e-type=\"widget\" data-widget_type=\"spacer.default\">\n\t\t\t\t<div class=\"elementor-widget-container\">\n\t\t\t\t\t\t\t<div class=\"elementor-spacer\">\n\t\t\t<div class=\"elementor-spacer-inner\"><\/div>\n\t\t<\/div>\n\t\t\t\t\t\t<\/div>\n\t\t\t\t<\/div>\n\t\t\t\t<\/div>\n\t\t\t\t\t<\/div>\n\t\t\t\t<\/div>\n\t\t<div class=\"elementor-element elementor-element-56331c2 e-flex e-con-boxed e-con e-parent\" data-id=\"56331c2\" data-element_type=\"container\" data-e-type=\"container\" data-settings=\"{&quot;background_background&quot;:&quot;classic&quot;}\">\n\t\t\t\t\t<div class=\"e-con-inner\">\n\t\t<div class=\"elementor-element elementor-element-6c53729 e-con-full e-flex e-con e-parent\" data-id=\"6c53729\" data-element_type=\"container\" data-e-type=\"container\" data-settings=\"{&quot;background_background&quot;:&quot;classic&quot;}\">\n\t\t\t\t<div class=\"elementor-element elementor-element-89097d6 elementor-widget elementor-widget-image\" data-id=\"89097d6\" data-element_type=\"widget\" data-e-type=\"widget\" data-widget_type=\"image.default\">\n\t\t\t\t<div class=\"elementor-widget-container\">\n\t\t\t\t\t\t\t\t\t\t\t\t\t\t\t<img decoding=\"async\" width=\"600\" height=\"583\" src=\"https:\/\/flexim.eu\/wp-content\/uploads\/2023\/03\/Flexim-Verpakking-Zwart-2-600x583-1.jpg\" class=\"attachment-large size-large wp-image-10381\" alt=\"Flexim Mortero para Tejados\" srcset=\"https:\/\/flexim.eu\/wp-content\/uploads\/2023\/03\/Flexim-Verpakking-Zwart-2-600x583-1.jpg 600w, https:\/\/flexim.eu\/wp-content\/uploads\/2023\/03\/Flexim-Verpakking-Zwart-2-600x583-1-300x292.jpg 300w\" sizes=\"(max-width: 600px) 100vw, 600px\" \/>\t\t\t\t\t\t\t\t\t\t\t\t\t\t\t<\/div>\n\t\t\t\t<\/div>\n\t\t\t\t<div class=\"elementor-element elementor-element-39038bb elementor-widget elementor-widget-image\" data-id=\"39038bb\" data-element_type=\"widget\" data-e-type=\"widget\" data-widget_type=\"image.default\">\n\t\t\t\t<div class=\"elementor-widget-container\">\n\t\t\t\t\t\t\t\t\t\t\t\t\t\t\t<img decoding=\"async\" width=\"401\" height=\"53\" src=\"https:\/\/flexim.eu\/wp-content\/uploads\/2023\/04\/kleuren.jpg\" class=\"attachment-large size-large wp-image-11524\" alt=\"\" srcset=\"https:\/\/flexim.eu\/wp-content\/uploads\/2023\/04\/kleuren.jpg 401w, https:\/\/flexim.eu\/wp-content\/uploads\/2023\/04\/kleuren-300x40.jpg 300w\" sizes=\"(max-width: 401px) 100vw, 401px\" \/>\t\t\t\t\t\t\t\t\t\t\t\t\t\t\t<\/div>\n\t\t\t\t<\/div>\n\t\t\t\t<div class=\"elementor-element elementor-element-d01dd2c elementor-widget elementor-widget-heading\" data-id=\"d01dd2c\" data-element_type=\"widget\" data-e-type=\"widget\" data-widget_type=\"heading.default\">\n\t\t\t\t<div class=\"elementor-widget-container\">\n\t\t\t\t\t<h2 class=\"elementor-heading-title elementor-size-default\">Embalaje grande Flexim<\/h2>\t\t\t\t<\/div>\n\t\t\t\t<\/div>\n\t\t\t\t<div class=\"elementor-element elementor-element-3eb8ada elementor-widget elementor-widget-text-editor\" data-id=\"3eb8ada\" data-element_type=\"widget\" data-e-type=\"widget\" data-widget_type=\"text-editor.default\">\n\t\t\t\t<div class=\"elementor-widget-container\">\n\t\t\t\t\t\t\t\t\t<p><strong>\u00a1El embalaje m\u00e1s vendido de Flexim!<\/strong><\/p>\n<p>\u00bfTiene da\u00f1os en el tejado debido a las vigas de la cumbrera o de las limatesas?<\/p>\n<p>Con este paquete de 10 tiras, puedes fijar f\u00e1cil y r\u00e1pidamente 3 a 5 metros de cumbreras en ambos lados.<\/p>\n<p><strong>Contenido:<\/strong><\/p>\n<ul>\n<li>10 tiras de mortero para tejados Flexim<\/li>\n<li>Instrucciones de procesamiento<\/li>\n<li>4 guantes de l\u00e1tex<\/li>\n<\/ul>\n<p><strong><br \/>Vida \u00fatil:<\/strong> 2 a\u00f1os<\/p>\n\t\t\t\t\t\t\t\t<\/div>\n\t\t\t\t<\/div>\n\t\t\t\t<div class=\"elementor-element elementor-element-5880ed6 elementor-widget elementor-widget-button\" data-id=\"5880ed6\" data-element_type=\"widget\" data-e-type=\"widget\" data-widget_type=\"button.default\">\n\t\t\t\t<div class=\"elementor-widget-container\">\n\t\t\t\t\t\t\t\t\t<div class=\"elementor-button-wrapper\">\n\t\t\t\t\t<a class=\"elementor-button elementor-button-link elementor-size-sm\" href=\"https:\/\/flexim.eu\/es\/product\/embalaje-a-granel-flexible\/\">\n\t\t\t\t\t\t<span class=\"elementor-button-content-wrapper\">\n\t\t\t\t\t\t\t\t\t<span class=\"elementor-button-text\">Ver el producto<\/span>\n\t\t\t\t\t<\/span>\n\t\t\t\t\t<\/a>\n\t\t\t\t<\/div>\n\t\t\t\t\t\t\t\t<\/div>\n\t\t\t\t<\/div>\n\t\t\t\t<div class=\"elementor-element elementor-element-eef0391 elementor-widget elementor-widget-button\" data-id=\"eef0391\" data-element_type=\"widget\" data-e-type=\"widget\" data-widget_type=\"button.default\">\n\t\t\t\t<div class=\"elementor-widget-container\">\n\t\t\t\t\t\t\t\t\t<div class=\"elementor-button-wrapper\">\n\t\t\t\t\t<a class=\"elementor-button elementor-button-link elementor-size-sm\" href=\"https:\/\/flexim.eu\/es\/distribuidores\/\">\n\t\t\t\t\t\t<span class=\"elementor-button-content-wrapper\">\n\t\t\t\t\t\t<span class=\"elementor-button-icon\">\n\t\t\t\t<i aria-hidden=\"true\" class=\"icon icon-locatie\"><\/i>\t\t\t<\/span>\n\t\t\t\t\t\t\t\t\t<span class=\"elementor-button-text\">a los distribuidores<\/span>\n\t\t\t\t\t<\/span>\n\t\t\t\t\t<\/a>\n\t\t\t\t<\/div>\n\t\t\t\t\t\t\t\t<\/div>\n\t\t\t\t<\/div>\n\t\t\t\t<\/div>\n\t\t<div class=\"elementor-element elementor-element-9f22f85 e-con-full e-flex e-con e-parent\" data-id=\"9f22f85\" data-element_type=\"container\" data-e-type=\"container\" data-settings=\"{&quot;background_background&quot;:&quot;classic&quot;}\">\n\t\t\t\t<div class=\"elementor-element elementor-element-783d381 elementor-widget elementor-widget-image\" data-id=\"783d381\" data-element_type=\"widget\" data-e-type=\"widget\" data-widget_type=\"image.default\">\n\t\t\t\t<div class=\"elementor-widget-container\">\n\t\t\t\t\t\t\t\t\t\t\t\t\t\t\t<img loading=\"lazy\" decoding=\"async\" width=\"571\" height=\"600\" src=\"https:\/\/flexim.eu\/wp-content\/uploads\/2023\/03\/Kleinverpakking-Zwart-1-600x630-1.jpg\" class=\"attachment-large size-large wp-image-10528\" alt=\"Flexim Formato peque\u00f1o Mortero para Tejados\" srcset=\"https:\/\/flexim.eu\/wp-content\/uploads\/2023\/03\/Kleinverpakking-Zwart-1-600x630-1.jpg 571w, https:\/\/flexim.eu\/wp-content\/uploads\/2023\/03\/Kleinverpakking-Zwart-1-600x630-1-286x300.jpg 286w\" sizes=\"(max-width: 571px) 100vw, 571px\" \/>\t\t\t\t\t\t\t\t\t\t\t\t\t\t\t<\/div>\n\t\t\t\t<\/div>\n\t\t\t\t<div class=\"elementor-element elementor-element-c2a0164 elementor-widget elementor-widget-image\" data-id=\"c2a0164\" data-element_type=\"widget\" data-e-type=\"widget\" data-widget_type=\"image.default\">\n\t\t\t\t<div class=\"elementor-widget-container\">\n\t\t\t\t\t\t\t\t\t\t\t\t\t\t\t<img decoding=\"async\" width=\"401\" height=\"53\" src=\"https:\/\/flexim.eu\/wp-content\/uploads\/2023\/04\/kleuren.jpg\" class=\"attachment-large size-large wp-image-11524\" alt=\"\" srcset=\"https:\/\/flexim.eu\/wp-content\/uploads\/2023\/04\/kleuren.jpg 401w, https:\/\/flexim.eu\/wp-content\/uploads\/2023\/04\/kleuren-300x40.jpg 300w\" sizes=\"(max-width: 401px) 100vw, 401px\" \/>\t\t\t\t\t\t\t\t\t\t\t\t\t\t\t<\/div>\n\t\t\t\t<\/div>\n\t\t\t\t<div class=\"elementor-element elementor-element-999f5c4 elementor-widget elementor-widget-heading\" data-id=\"999f5c4\" data-element_type=\"widget\" data-e-type=\"widget\" data-widget_type=\"heading.default\">\n\t\t\t\t<div class=\"elementor-widget-container\">\n\t\t\t\t\t<h2 class=\"elementor-heading-title elementor-size-default\">Embalaje peque\u00f1o Flexim<\/h2>\t\t\t\t<\/div>\n\t\t\t\t<\/div>\n\t\t\t\t<div class=\"elementor-element elementor-element-ad586be elementor-widget elementor-widget-text-editor\" data-id=\"ad586be\" data-element_type=\"widget\" data-e-type=\"widget\" data-widget_type=\"text-editor.default\">\n\t\t\t\t<div class=\"elementor-widget-container\">\n\t\t\t\t\t\t\t\t\t<p><strong>\u00bfPeque\u00f1o trabajo de mantenimiento? \u00a1Este es el embalaje de bricolaje perfecto!<\/strong><\/p>\n<p>\u00a1Repara f\u00e1cil y r\u00e1pidamente peque\u00f1as grietas en las cumbreras, las limatesas o en la limahoya y \u00a1evita las filtraciones!<\/p>\n<p>Con este paquete de 5 tiras, puedes asegurar aproximadamente de 1,5 a 3 metros de cumbreras en ambos lados.<\/p>\n<p><strong>Contenido:<\/strong><\/p>\n<ul>\n<li>5 tiras de mortero para tejados Flexim<\/li>\n<li>Instrucciones de procesamiento<\/li>\n<li>4 guantes de l\u00e1tex<\/li>\n<\/ul>\n<p><strong><br \/>Vida \u00fatil:<\/strong> 2 a\u00f1os<\/p>\n\t\t\t\t\t\t\t\t<\/div>\n\t\t\t\t<\/div>\n\t\t\t\t<div class=\"elementor-element elementor-element-a6313b2 elementor-widget elementor-widget-button\" data-id=\"a6313b2\" data-element_type=\"widget\" data-e-type=\"widget\" data-widget_type=\"button.default\">\n\t\t\t\t<div class=\"elementor-widget-container\">\n\t\t\t\t\t\t\t\t\t<div class=\"elementor-button-wrapper\">\n\t\t\t\t\t<a class=\"elementor-button elementor-button-link elementor-size-sm\" href=\"https:\/\/flexim.eu\/es\/product\/embalaje-pequeno-flexim\/\">\n\t\t\t\t\t\t<span class=\"elementor-button-content-wrapper\">\n\t\t\t\t\t\t\t\t\t<span class=\"elementor-button-text\">Ver el producto<\/span>\n\t\t\t\t\t<\/span>\n\t\t\t\t\t<\/a>\n\t\t\t\t<\/div>\n\t\t\t\t\t\t\t\t<\/div>\n\t\t\t\t<\/div>\n\t\t\t\t<div class=\"elementor-element elementor-element-dc6c3da elementor-widget elementor-widget-button\" data-id=\"dc6c3da\" data-element_type=\"widget\" data-e-type=\"widget\" data-widget_type=\"button.default\">\n\t\t\t\t<div class=\"elementor-widget-container\">\n\t\t\t\t\t\t\t\t\t<div class=\"elementor-button-wrapper\">\n\t\t\t\t\t<a class=\"elementor-button elementor-button-link elementor-size-sm\" href=\"https:\/\/flexim.eu\/es\/distribuidores\/\">\n\t\t\t\t\t\t<span class=\"elementor-button-content-wrapper\">\n\t\t\t\t\t\t<span class=\"elementor-button-icon\">\n\t\t\t\t<i aria-hidden=\"true\" class=\"icon icon-locatie\"><\/i>\t\t\t<\/span>\n\t\t\t\t\t\t\t\t\t<span class=\"elementor-button-text\">a los distribuidores<\/span>\n\t\t\t\t\t<\/span>\n\t\t\t\t\t<\/a>\n\t\t\t\t<\/div>\n\t\t\t\t\t\t\t\t<\/div>\n\t\t\t\t<\/div>\n\t\t\t\t<\/div>\n\t\t<div class=\"elementor-element elementor-element-3b7ea68 e-con-full e-flex e-con e-parent\" data-id=\"3b7ea68\" data-element_type=\"container\" data-e-type=\"container\" data-settings=\"{&quot;background_background&quot;:&quot;classic&quot;}\">\n\t\t\t\t<div class=\"elementor-element elementor-element-5313e36 elementor-widget elementor-widget-image\" data-id=\"5313e36\" data-element_type=\"widget\" data-e-type=\"widget\" data-widget_type=\"image.default\">\n\t\t\t\t<div class=\"elementor-widget-container\">\n\t\t\t\t\t\t\t\t\t\t\t\t\t\t\t<img loading=\"lazy\" decoding=\"async\" width=\"375\" height=\"400\" src=\"https:\/\/flexim.eu\/wp-content\/uploads\/2023\/03\/Flexim-ReFix-3-02-375x400-1.png\" class=\"attachment-large size-large wp-image-10388\" alt=\"\" srcset=\"https:\/\/flexim.eu\/wp-content\/uploads\/2023\/03\/Flexim-ReFix-3-02-375x400-1.png 375w, https:\/\/flexim.eu\/wp-content\/uploads\/2023\/03\/Flexim-ReFix-3-02-375x400-1-281x300.png 281w\" sizes=\"(max-width: 375px) 100vw, 375px\" \/>\t\t\t\t\t\t\t\t\t\t\t\t\t\t\t<\/div>\n\t\t\t\t<\/div>\n\t\t\t\t<div class=\"elementor-element elementor-element-d436697 elementor-widget elementor-widget-image\" data-id=\"d436697\" data-element_type=\"widget\" data-e-type=\"widget\" data-widget_type=\"image.default\">\n\t\t\t\t<div class=\"elementor-widget-container\">\n\t\t\t\t\t\t\t\t\t\t\t\t\t\t\t<img loading=\"lazy\" decoding=\"async\" width=\"110\" height=\"50\" src=\"https:\/\/flexim.eu\/wp-content\/uploads\/2023\/04\/zwart-grijs.jpg\" class=\"attachment-large size-large wp-image-11532\" alt=\"\" \/>\t\t\t\t\t\t\t\t\t\t\t\t\t\t\t<\/div>\n\t\t\t\t<\/div>\n\t\t\t\t<div class=\"elementor-element elementor-element-99197a3 elementor-widget elementor-widget-heading\" data-id=\"99197a3\" data-element_type=\"widget\" data-e-type=\"widget\" data-widget_type=\"heading.default\">\n\t\t\t\t<div class=\"elementor-widget-container\">\n\t\t\t\t\t<h2 class=\"elementor-heading-title elementor-size-default\">Pasta reparadora Re-fix<\/h2>\t\t\t\t<\/div>\n\t\t\t\t<\/div>\n\t\t\t\t<div class=\"elementor-element elementor-element-2bca8cc elementor-widget elementor-widget-text-editor\" data-id=\"2bca8cc\" data-element_type=\"widget\" data-e-type=\"widget\" data-widget_type=\"text-editor.default\">\n\t\t\t\t<div class=\"elementor-widget-container\">\n\t\t\t\t\t\t\t\t\t<p><strong>La vers\u00e1til pasta reparadora Flexim, \u00a1pero en tubo!<\/strong><\/p>\n<p>Las peque\u00f1as grietas en el tejado pueden causar f\u00e1cilmente problemas de fugas.<\/p>\n<p>Particularmente entre la vieja capa de cemento, con el tiempo aparecer\u00e1n grietas que necesitan ser rellenadas. \u00a1Esto se puede hacer r\u00e1pidamente con Flexim Re-Fix, una pasta que es f\u00e1cil de rociar y cierra las grietas en minutos para evitar fugas y mejorar el tejado!<\/p>\n<p>\u00a1De esta manera puede posponer el mantenimiento mayor por m\u00e1s tiempo y as\u00ed prolongar la vida \u00fatil del tejado! <\/p>\n\t\t\t\t\t\t\t\t<\/div>\n\t\t\t\t<\/div>\n\t\t\t\t<div class=\"elementor-element elementor-element-bc55101 elementor-widget elementor-widget-button\" data-id=\"bc55101\" data-element_type=\"widget\" data-e-type=\"widget\" data-widget_type=\"button.default\">\n\t\t\t\t<div class=\"elementor-widget-container\">\n\t\t\t\t\t\t\t\t\t<div class=\"elementor-button-wrapper\">\n\t\t\t\t\t<a class=\"elementor-button elementor-button-link elementor-size-sm\" href=\"https:\/\/flexim.eu\/es\/product\/pasta-reparadora-re-fix\/\">\n\t\t\t\t\t\t<span class=\"elementor-button-content-wrapper\">\n\t\t\t\t\t\t\t\t\t<span class=\"elementor-button-text\">Ver el producto<\/span>\n\t\t\t\t\t<\/span>\n\t\t\t\t\t<\/a>\n\t\t\t\t<\/div>\n\t\t\t\t\t\t\t\t<\/div>\n\t\t\t\t<\/div>\n\t\t\t\t<div class=\"elementor-element elementor-element-52e83f8 elementor-widget elementor-widget-button\" data-id=\"52e83f8\" data-element_type=\"widget\" data-e-type=\"widget\" data-widget_type=\"button.default\">\n\t\t\t\t<div class=\"elementor-widget-container\">\n\t\t\t\t\t\t\t\t\t<div class=\"elementor-button-wrapper\">\n\t\t\t\t\t<a class=\"elementor-button elementor-button-link elementor-size-sm\" href=\"https:\/\/flexim.eu\/es\/distribuidores\/\">\n\t\t\t\t\t\t<span class=\"elementor-button-content-wrapper\">\n\t\t\t\t\t\t<span class=\"elementor-button-icon\">\n\t\t\t\t<i aria-hidden=\"true\" class=\"icon icon-locatie\"><\/i>\t\t\t<\/span>\n\t\t\t\t\t\t\t\t\t<span class=\"elementor-button-text\">a los distribuidores<\/span>\n\t\t\t\t\t<\/span>\n\t\t\t\t\t<\/a>\n\t\t\t\t<\/div>\n\t\t\t\t\t\t\t\t<\/div>\n\t\t\t\t<\/div>\n\t\t\t\t<\/div>\n\t\t\t\t\t<\/div>\n\t\t\t\t<\/div>\n\t\t<div class=\"elementor-element elementor-element-fe9116b e-flex e-con-boxed e-con e-parent\" data-id=\"fe9116b\" data-element_type=\"container\" data-e-type=\"container\" data-settings=\"{&quot;background_background&quot;:&quot;gradient&quot;}\">\n\t\t\t\t\t<div class=\"e-con-inner\">\n\t\t<div class=\"elementor-element elementor-element-5b599fb e-con-full e-flex e-con e-parent\" data-id=\"5b599fb\" data-element_type=\"container\" data-e-type=\"container\" data-settings=\"{&quot;background_background&quot;:&quot;classic&quot;}\">\n\t\t\t\t<div class=\"elementor-element elementor-element-470c85c elementor-invisible elementor-widget elementor-widget-image\" data-id=\"470c85c\" data-element_type=\"widget\" data-e-type=\"widget\" data-settings=\"{&quot;_animation&quot;:&quot;BlubfadeInLeft&quot;}\" data-widget_type=\"image.default\">\n\t\t\t\t<div class=\"elementor-widget-container\">\n\t\t\t\t\t\t\t\t\t\t\t\t\t\t\t<img loading=\"lazy\" decoding=\"async\" width=\"395\" height=\"303\" src=\"https:\/\/flexim.eu\/wp-content\/uploads\/2023\/03\/Flexim-Verpakking-Zwart-min.png\" class=\"attachment-large size-large wp-image-9940\" alt=\"contact\" srcset=\"https:\/\/flexim.eu\/wp-content\/uploads\/2023\/03\/Flexim-Verpakking-Zwart-min.png 395w, https:\/\/flexim.eu\/wp-content\/uploads\/2023\/03\/Flexim-Verpakking-Zwart-min-300x230.png 300w\" sizes=\"(max-width: 395px) 100vw, 395px\" \/>\t\t\t\t\t\t\t\t\t\t\t\t\t\t\t<\/div>\n\t\t\t\t<\/div>\n\t\t\t\t<\/div>\n\t\t<div class=\"elementor-element elementor-element-5b3cac8 e-con-full e-flex e-con e-parent\" data-id=\"5b3cac8\" data-element_type=\"container\" data-e-type=\"container\" data-settings=\"{&quot;background_background&quot;:&quot;classic&quot;}\">\n\t\t\t\t<div class=\"elementor-element elementor-element-bd2a454 elementor-widget elementor-widget-heading\" data-id=\"bd2a454\" data-element_type=\"widget\" data-e-type=\"widget\" data-widget_type=\"heading.default\">\n\t\t\t\t<div class=\"elementor-widget-container\">\n\t\t\t\t\t<h2 class=\"elementor-heading-title elementor-size-default\">Calculadora de consumo<\/h2>\t\t\t\t<\/div>\n\t\t\t\t<\/div>\n\t\t\t\t<div class=\"elementor-element elementor-element-bdaaf2b elementor-widget elementor-widget-text-editor\" data-id=\"bdaaf2b\" data-element_type=\"widget\" data-e-type=\"widget\" data-widget_type=\"text-editor.default\">\n\t\t\t\t<div class=\"elementor-widget-container\">\n\t\t\t\t\t\t\t\t\t<p>\u00bfQuiere saber exactamente cu\u00e1nto Flexim se necesita para el proyecto? \u00a1Usa la calculadora de consumo!<\/p>\n\t\t\t\t\t\t\t\t<\/div>\n\t\t\t\t<\/div>\n\t\t\t\t<div class=\"elementor-element elementor-element-1df3c1e elementor-widget elementor-widget-button\" data-id=\"1df3c1e\" data-element_type=\"widget\" data-e-type=\"widget\" data-widget_type=\"button.default\">\n\t\t\t\t<div class=\"elementor-widget-container\">\n\t\t\t\t\t\t\t\t\t<div class=\"elementor-button-wrapper\">\n\t\t\t\t\t<a class=\"elementor-button elementor-button-link elementor-size-sm\" href=\"https:\/\/flexim.eu\/es\/calculadora-de-consumo\/\">\n\t\t\t\t\t\t<span class=\"elementor-button-content-wrapper\">\n\t\t\t\t\t\t\t\t\t<span class=\"elementor-button-text\">Abre la calculadora<\/span>\n\t\t\t\t\t<\/span>\n\t\t\t\t\t<\/a>\n\t\t\t\t<\/div>\n\t\t\t\t\t\t\t\t<\/div>\n\t\t\t\t<\/div>\n\t\t\t\t<\/div>\n\t\t\t\t\t<\/div>\n\t\t\t\t<\/div>\n\t\t\t\t<\/div>\n\t\t","protected":false},"excerpt":{"rendered":"<p>Flexim internacional BV \u00bfQu\u00e9 es Flexim? Flexim es un mortero para tejados listo para usar. Desde 1985, este producto se ha utilizado en el mercado de la reparaci\u00f3n, renovaci\u00f3n y construcci\u00f3n nueva para fijar cumbreras y tejas. Ver productos El producto Flexim se basa en ingredientes naturales. El ingrediente principal consiste en aceite vegetal de [&hellip;]<\/p>\n","protected":false},"author":1,"featured_media":0,"parent":0,"menu_order":0,"comment_status":"closed","ping_status":"closed","template":"elementor_header_footer","meta":{"footnotes":""},"class_list":["post-10950","page","type-page","status-publish","hentry"],"_links":{"self":[{"href":"https:\/\/flexim.eu\/es\/wp-json\/wp\/v2\/pages\/10950","targetHints":{"allow":["GET"]}}],"collection":[{"href":"https:\/\/flexim.eu\/es\/wp-json\/wp\/v2\/pages"}],"about":[{"href":"https:\/\/flexim.eu\/es\/wp-json\/wp\/v2\/types\/page"}],"author":[{"embeddable":true,"href":"https:\/\/flexim.eu\/es\/wp-json\/wp\/v2\/users\/1"}],"replies":[{"embeddable":true,"href":"https:\/\/flexim.eu\/es\/wp-json\/wp\/v2\/comments?post=10950"}],"version-history":[{"count":0,"href":"https:\/\/flexim.eu\/es\/wp-json\/wp\/v2\/pages\/10950\/revisions"}],"wp:attachment":[{"href":"https:\/\/flexim.eu\/es\/wp-json\/wp\/v2\/media?parent=10950"}],"curies":[{"name":"wp","href":"https:\/\/api.w.org\/{rel}","templated":true}]}}