{"id":10721,"date":"2023-03-10T14:19:02","date_gmt":"2023-03-10T13:19:02","guid":{"rendered":"https:\/\/flexim.eu\/product\/re-fixer-la-pate-de-reparation\/"},"modified":"2025-03-25T14:47:34","modified_gmt":"2025-03-25T13:47:34","slug":"re-fix-pate-de-reparation","status":"publish","type":"product","link":"https:\/\/flexim.eu\/fr\/product\/re-fix-pate-de-reparation\/","title":{"rendered":"Re-fix p\u00e2te de r\u00e9paration"},"content":{"rendered":"<h2>Pourquoi choisir la P\u00e2te de R\u00e9paration Re-Fix ?<\/h2>\n<p>Avez-vous des petites fissures, joints ou interstices dans votre toit ? <strong>La P\u00e2te de R\u00e9paration Re-Fix<\/strong> de Flexim est la solution id\u00e9ale pour des r\u00e9parations de toiture rapides et durables.  Ce Flexim \u00ab pulv\u00e9risable \u00bb convient parfaitement pour effectuer une r\u00e9paration rapidement et efficacement. Id\u00e9al pour combler les fissures au niveau des fa\u00eeti\u00e8res, des tuiles et d&#8217;autres \u00e9l\u00e9ments de toiture !<\/p>\n<h3>Emballage &amp; Durabilit\u00e9<\/h3>\n<p><strong>Contenu : <\/strong>environ 300 g (250ML)<br \/>\n<strong>Dur\u00e9e de conservation :<\/strong> 2 ans<\/p>\n<p>Commandez d\u00e8s maintenant <strong>la p\u00e2te de r\u00e9paration Re-Fix<\/strong> et r\u00e9solvez imm\u00e9diatement les petits probl\u00e8mes de toiture !<\/p>\n","protected":false},"excerpt":{"rendered":"<p><strong>\u20ac 10,65 TTC T.V.A.<\/strong><\/p>\n<p><strong>La solution pour des r\u00e9parations de toit rapides et simples !<\/strong><\/p>\n<ul>\n<li><strong>Pr\u00eat \u00e0 l&#8217;emploi<\/strong> \u2013 Pas de m\u00e9lange n\u00e9cessaire<\/li>\n<li><strong>Durable et flexible<\/strong> \u2013 R\u00e9pare les fissures et les dommages suppl\u00e9mentaires.<\/li>\n<li><strong>R\u00e9sistant aux intemp\u00e9ries <\/strong>\u2013 R\u00e9siste \u00e0 la pluie, au vent et au gel.<\/li>\n<li><strong>Formule pulv\u00e9risable <\/strong>\u2013 Facile \u00e0 appliquer et pr\u00e9cise.<\/li>\n<\/ul>\n","protected":false},"featured_media":13187,"comment_status":"closed","ping_status":"closed","template":"","meta":[],"product_brand":[],"product_cat":[113],"product_tag":[],"class_list":{"0":"post-10721","1":"product","2":"type-product","3":"status-publish","4":"has-post-thumbnail","6":"product_cat-aucune-categorie","8":"first","9":"instock","10":"taxable","11":"shipping-taxable","12":"purchasable","13":"product-type-variable","14":"has-default-attributes"},"_links":{"self":[{"href":"https:\/\/flexim.eu\/fr\/wp-json\/wp\/v2\/product\/10721","targetHints":{"allow":["GET"]}}],"collection":[{"href":"https:\/\/flexim.eu\/fr\/wp-json\/wp\/v2\/product"}],"about":[{"href":"https:\/\/flexim.eu\/fr\/wp-json\/wp\/v2\/types\/product"}],"replies":[{"embeddable":true,"href":"https:\/\/flexim.eu\/fr\/wp-json\/wp\/v2\/comments?post=10721"}],"wp:featuredmedia":[{"embeddable":true,"href":"https:\/\/flexim.eu\/fr\/wp-json\/wp\/v2\/media\/13187"}],"wp:attachment":[{"href":"https:\/\/flexim.eu\/fr\/wp-json\/wp\/v2\/media?parent=10721"}],"wp:term":[{"taxonomy":"product_brand","embeddable":true,"href":"https:\/\/flexim.eu\/fr\/wp-json\/wp\/v2\/product_brand?post=10721"},{"taxonomy":"product_cat","embeddable":true,"href":"https:\/\/flexim.eu\/fr\/wp-json\/wp\/v2\/product_cat?post=10721"},{"taxonomy":"product_tag","embeddable":true,"href":"https:\/\/flexim.eu\/fr\/wp-json\/wp\/v2\/product_tag?post=10721"}],"curies":[{"name":"wp","href":"https:\/\/api.w.org\/{rel}","templated":true}]}}